{"id":8368,"date":"2026-02-12T16:38:18","date_gmt":"2026-02-12T16:38:18","guid":{"rendered":"https:\/\/gallery-puzic.com\/?page_id=8368"},"modified":"2026-02-14T18:01:04","modified_gmt":"2026-02-14T18:01:04","slug":"andre-mailaender","status":"publish","type":"page","link":"https:\/\/gallery-puzic.com\/en\/andre-mailaender\/","title":{"rendered":"Andr\u00e9 Mail\u00e4nder"},"content":{"rendered":"<div data-elementor-type=\"wp-page\" data-elementor-id=\"8368\" class=\"elementor elementor-8368\">\n\t\t\t\t\t\t<section class=\"elementor-section elementor-top-section elementor-element elementor-element-ca12270 elementor-section-boxed elementor-section-height-default elementor-section-height-default\" data-id=\"ca12270\" data-element_type=\"section\" data-e-type=\"section\">\n\t\t\t\t\t\t<div class=\"elementor-container elementor-column-gap-default\">\n\t\t\t\t\t<div class=\"elementor-column elementor-col-100 elementor-top-column elementor-element elementor-element-48fdf44\" data-id=\"48fdf44\" data-element_type=\"column\" data-e-type=\"column\">\n\t\t\t<div class=\"elementor-widget-wrap elementor-element-populated\">\n\t\t\t\t\t\t<div class=\"elementor-element elementor-element-0947c69 elementor-widget elementor-widget-spacer\" data-id=\"0947c69\" data-element_type=\"widget\" data-e-type=\"widget\" data-widget_type=\"spacer.default\">\n\t\t\t\t<div class=\"elementor-widget-container\">\n\t\t\t\t\t\t\t<div class=\"elementor-spacer\">\n\t\t\t<div class=\"elementor-spacer-inner\"><\/div>\n\t\t<\/div>\n\t\t\t\t\t\t<\/div>\n\t\t\t\t<\/div>\n\t\t\t\t\t<\/div>\n\t\t<\/div>\n\t\t\t\t\t<\/div>\n\t\t<\/section>\n\t\t\t\t<section class=\"elementor-section elementor-top-section elementor-element elementor-element-d5ac7c3 elementor-section-boxed elementor-section-height-default elementor-section-height-default\" data-id=\"d5ac7c3\" data-element_type=\"section\" data-e-type=\"section\">\n\t\t\t\t\t\t<div class=\"elementor-container elementor-column-gap-default\">\n\t\t\t\t\t<div class=\"elementor-column elementor-col-100 elementor-top-column elementor-element elementor-element-f41a57c\" data-id=\"f41a57c\" data-element_type=\"column\" data-e-type=\"column\">\n\t\t\t<div class=\"elementor-widget-wrap elementor-element-populated\">\n\t\t\t\t\t\t<div class=\"elementor-element elementor-element-0f0d145 elementor-widget elementor-widget-heading\" data-id=\"0f0d145\" data-element_type=\"widget\" data-e-type=\"widget\" data-widget_type=\"heading.default\">\n\t\t\t\t<div class=\"elementor-widget-container\">\n\t\t\t\t\t<h2 class=\"elementor-heading-title elementor-size-default\">Andr\u00e9 Mail\u00e4nder<\/h2>\t\t\t\t<\/div>\n\t\t\t\t<\/div>\n\t\t\t\t\t<\/div>\n\t\t<\/div>\n\t\t\t\t\t<\/div>\n\t\t<\/section>\n\t\t\t\t<section class=\"elementor-section elementor-top-section elementor-element elementor-element-5fd3099 elementor-section-boxed elementor-section-height-default elementor-section-height-default\" data-id=\"5fd3099\" data-element_type=\"section\" data-e-type=\"section\">\n\t\t\t\t\t\t<div class=\"elementor-container elementor-column-gap-default\">\n\t\t\t\t\t<div class=\"elementor-column elementor-col-25 elementor-top-column elementor-element elementor-element-ab94d3b\" data-id=\"ab94d3b\" data-element_type=\"column\" data-e-type=\"column\">\n\t\t\t<div class=\"elementor-widget-wrap\">\n\t\t\t\t\t\t\t<\/div>\n\t\t<\/div>\n\t\t\t\t<div class=\"elementor-column elementor-col-25 elementor-top-column elementor-element elementor-element-649365c\" data-id=\"649365c\" data-element_type=\"column\" data-e-type=\"column\">\n\t\t\t<div class=\"elementor-widget-wrap\">\n\t\t\t\t\t\t\t<\/div>\n\t\t<\/div>\n\t\t\t\t<div class=\"elementor-column elementor-col-25 elementor-top-column elementor-element elementor-element-eaa92aa\" data-id=\"eaa92aa\" data-element_type=\"column\" data-e-type=\"column\">\n\t\t\t<div class=\"elementor-widget-wrap elementor-element-populated\">\n\t\t\t\t\t\t<div class=\"elementor-element elementor-element-0d2a759 elementor-widget elementor-widget-text-editor\" data-id=\"0d2a759\" data-element_type=\"widget\" data-e-type=\"widget\" data-widget_type=\"text-editor.default\">\n\t\t\t\t<div class=\"elementor-widget-container\">\n\t\t\t\t\t\t\t\t\t<p>artworks<\/p>\t\t\t\t\t\t\t\t<\/div>\n\t\t\t\t<\/div>\n\t\t\t\t\t<\/div>\n\t\t<\/div>\n\t\t\t\t<div class=\"elementor-column elementor-col-25 elementor-top-column elementor-element elementor-element-2490c64\" data-id=\"2490c64\" data-element_type=\"column\" data-e-type=\"column\">\n\t\t\t<div class=\"elementor-widget-wrap elementor-element-populated\">\n\t\t\t\t\t\t<div class=\"elementor-element elementor-element-94968d7 elementor-widget elementor-widget-text-editor\" data-id=\"94968d7\" data-element_type=\"widget\" data-e-type=\"widget\" data-widget_type=\"text-editor.default\">\n\t\t\t\t<div class=\"elementor-widget-container\">\n\t\t\t\t\t\t\t\t\t<p>biography<\/p>\t\t\t\t\t\t\t\t<\/div>\n\t\t\t\t<\/div>\n\t\t\t\t\t<\/div>\n\t\t<\/div>\n\t\t\t\t\t<\/div>\n\t\t<\/section>\n\t\t\t\t<section class=\"elementor-section elementor-top-section elementor-element elementor-element-cbaeb6f elementor-section-boxed elementor-section-height-default elementor-section-height-default\" data-id=\"cbaeb6f\" data-element_type=\"section\" data-e-type=\"section\">\n\t\t\t\t\t\t<div class=\"elementor-container elementor-column-gap-default\">\n\t\t\t\t\t<div class=\"elementor-column elementor-col-25 elementor-top-column elementor-element elementor-element-8b7ff3a\" data-id=\"8b7ff3a\" data-element_type=\"column\" data-e-type=\"column\">\n\t\t\t<div class=\"elementor-widget-wrap elementor-element-populated\">\n\t\t\t\t\t\t<div class=\"elementor-element elementor-element-67751df elementor-widget elementor-widget-image\" data-id=\"67751df\" data-element_type=\"widget\" data-e-type=\"widget\" data-widget_type=\"image.default\">\n\t\t\t\t<div class=\"elementor-widget-container\">\n\t\t\t\t\t\t\t\t\t\t\t\t\t\t\t<img fetchpriority=\"high\" decoding=\"async\" width=\"300\" height=\"222\" src=\"https:\/\/gallery-puzic.com\/wp-content\/uploads\/2026\/02\/Mailaender_Seroes-Teich-300x222.jpg\" class=\"attachment-medium size-medium wp-image-8333\" alt=\"\" srcset=\"https:\/\/gallery-puzic.com\/wp-content\/uploads\/2026\/02\/Mailaender_Seroes-Teich-300x222.jpg 300w, https:\/\/gallery-puzic.com\/wp-content\/uploads\/2026\/02\/Mailaender_Seroes-Teich-1024x758.jpg 1024w, https:\/\/gallery-puzic.com\/wp-content\/uploads\/2026\/02\/Mailaender_Seroes-Teich-768x569.jpg 768w, https:\/\/gallery-puzic.com\/wp-content\/uploads\/2026\/02\/Mailaender_Seroes-Teich-1536x1137.jpg 1536w, https:\/\/gallery-puzic.com\/wp-content\/uploads\/2026\/02\/Mailaender_Seroes-Teich-2048x1516.jpg 2048w, https:\/\/gallery-puzic.com\/wp-content\/uploads\/2026\/02\/Mailaender_Seroes-Teich-16x12.jpg 16w\" sizes=\"(max-width: 300px) 100vw, 300px\" \/>\t\t\t\t\t\t\t\t\t\t\t\t\t\t\t<\/div>\n\t\t\t\t<\/div>\n\t\t\t\t\t<\/div>\n\t\t<\/div>\n\t\t\t\t<div class=\"elementor-column elementor-col-25 elementor-top-column elementor-element elementor-element-0dfa3fe\" data-id=\"0dfa3fe\" data-element_type=\"column\" data-e-type=\"column\">\n\t\t\t<div class=\"elementor-widget-wrap elementor-element-populated\">\n\t\t\t\t\t\t<div class=\"elementor-element elementor-element-205bc03 elementor-widget elementor-widget-image\" data-id=\"205bc03\" data-element_type=\"widget\" data-e-type=\"widget\" data-widget_type=\"image.default\">\n\t\t\t\t<div class=\"elementor-widget-container\">\n\t\t\t\t\t\t\t\t\t\t\t\t\t\t\t<img decoding=\"async\" width=\"300\" height=\"200\" src=\"https:\/\/gallery-puzic.com\/wp-content\/uploads\/2026\/02\/Andre-Mailaender-Woven-Places-300x200.jpeg\" class=\"attachment-medium size-medium wp-image-8332\" alt=\"\" srcset=\"https:\/\/gallery-puzic.com\/wp-content\/uploads\/2026\/02\/Andre-Mailaender-Woven-Places-300x200.jpeg 300w, https:\/\/gallery-puzic.com\/wp-content\/uploads\/2026\/02\/Andre-Mailaender-Woven-Places-1024x683.jpeg 1024w, https:\/\/gallery-puzic.com\/wp-content\/uploads\/2026\/02\/Andre-Mailaender-Woven-Places-768x512.jpeg 768w, https:\/\/gallery-puzic.com\/wp-content\/uploads\/2026\/02\/Andre-Mailaender-Woven-Places-18x12.jpeg 18w, https:\/\/gallery-puzic.com\/wp-content\/uploads\/2026\/02\/Andre-Mailaender-Woven-Places.jpeg 1200w\" sizes=\"(max-width: 300px) 100vw, 300px\" \/>\t\t\t\t\t\t\t\t\t\t\t\t\t\t\t<\/div>\n\t\t\t\t<\/div>\n\t\t\t\t\t<\/div>\n\t\t<\/div>\n\t\t\t\t<div class=\"elementor-column elementor-col-25 elementor-top-column elementor-element elementor-element-7174cf7\" data-id=\"7174cf7\" data-element_type=\"column\" data-e-type=\"column\">\n\t\t\t<div class=\"elementor-widget-wrap elementor-element-populated\">\n\t\t\t\t\t\t<div class=\"elementor-element elementor-element-1d76379 elementor-widget elementor-widget-image\" data-id=\"1d76379\" data-element_type=\"widget\" data-e-type=\"widget\" data-widget_type=\"image.default\">\n\t\t\t\t<div class=\"elementor-widget-container\">\n\t\t\t\t\t\t\t\t\t\t\t\t\t\t\t<img decoding=\"async\" width=\"300\" height=\"200\" src=\"https:\/\/gallery-puzic.com\/wp-content\/uploads\/2026\/02\/71.d-0c19c94f-300x200.jpg\" class=\"attachment-medium size-medium wp-image-8331\" alt=\"\" srcset=\"https:\/\/gallery-puzic.com\/wp-content\/uploads\/2026\/02\/71.d-0c19c94f-300x200.jpg 300w, https:\/\/gallery-puzic.com\/wp-content\/uploads\/2026\/02\/71.d-0c19c94f-1024x683.jpg 1024w, https:\/\/gallery-puzic.com\/wp-content\/uploads\/2026\/02\/71.d-0c19c94f-768x512.jpg 768w, https:\/\/gallery-puzic.com\/wp-content\/uploads\/2026\/02\/71.d-0c19c94f-18x12.jpg 18w, https:\/\/gallery-puzic.com\/wp-content\/uploads\/2026\/02\/71.d-0c19c94f.jpg 1170w\" sizes=\"(max-width: 300px) 100vw, 300px\" \/>\t\t\t\t\t\t\t\t\t\t\t\t\t\t\t<\/div>\n\t\t\t\t<\/div>\n\t\t\t\t\t<\/div>\n\t\t<\/div>\n\t\t\t\t<div class=\"elementor-column elementor-col-25 elementor-top-column elementor-element elementor-element-1e84b31\" data-id=\"1e84b31\" data-element_type=\"column\" data-e-type=\"column\">\n\t\t\t<div class=\"elementor-widget-wrap elementor-element-populated\">\n\t\t\t\t\t\t<div class=\"elementor-element elementor-element-f0847fd elementor-widget elementor-widget-image\" data-id=\"f0847fd\" data-element_type=\"widget\" data-e-type=\"widget\" data-widget_type=\"image.default\">\n\t\t\t\t<div class=\"elementor-widget-container\">\n\t\t\t\t\t\t\t\t\t\t\t\t\t\t\t<img loading=\"lazy\" decoding=\"async\" width=\"300\" height=\"300\" src=\"https:\/\/gallery-puzic.com\/wp-content\/uploads\/2026\/02\/gegenoty-KatalogProto3-4-300x300.jpeg\" class=\"attachment-medium size-medium wp-image-8330\" alt=\"\" srcset=\"https:\/\/gallery-puzic.com\/wp-content\/uploads\/2026\/02\/gegenoty-KatalogProto3-4-300x300.jpeg 300w, https:\/\/gallery-puzic.com\/wp-content\/uploads\/2026\/02\/gegenoty-KatalogProto3-4-150x150.jpeg 150w, https:\/\/gallery-puzic.com\/wp-content\/uploads\/2026\/02\/gegenoty-KatalogProto3-4-768x768.jpeg 768w, https:\/\/gallery-puzic.com\/wp-content\/uploads\/2026\/02\/gegenoty-KatalogProto3-4-12x12.jpeg 12w, https:\/\/gallery-puzic.com\/wp-content\/uploads\/2026\/02\/gegenoty-KatalogProto3-4.jpeg 1000w\" sizes=\"(max-width: 300px) 100vw, 300px\" \/>\t\t\t\t\t\t\t\t\t\t\t\t\t\t\t<\/div>\n\t\t\t\t<\/div>\n\t\t\t\t\t<\/div>\n\t\t<\/div>\n\t\t\t\t\t<\/div>\n\t\t<\/section>\n\t\t\t\t<section class=\"elementor-section elementor-top-section elementor-element elementor-element-6bbc617 elementor-section-boxed elementor-section-height-default elementor-section-height-default\" data-id=\"6bbc617\" data-element_type=\"section\" data-e-type=\"section\">\n\t\t\t\t\t\t<div class=\"elementor-container elementor-column-gap-default\">\n\t\t\t\t\t<div class=\"elementor-column elementor-col-33 elementor-top-column elementor-element elementor-element-bbb786f\" data-id=\"bbb786f\" data-element_type=\"column\" data-e-type=\"column\">\n\t\t\t<div class=\"elementor-widget-wrap elementor-element-populated\">\n\t\t\t\t\t\t<div class=\"elementor-element elementor-element-9bf471e elementor-widget elementor-widget-image\" data-id=\"9bf471e\" data-element_type=\"widget\" data-e-type=\"widget\" data-widget_type=\"image.default\">\n\t\t\t\t<div class=\"elementor-widget-container\">\n\t\t\t\t\t\t\t\t\t\t\t\t\t\t\t<img loading=\"lazy\" decoding=\"async\" width=\"200\" height=\"300\" src=\"https:\/\/gallery-puzic.com\/wp-content\/uploads\/2026\/02\/mailaender-foto-200x300.jpeg\" class=\"attachment-medium size-medium wp-image-8329\" alt=\"\" srcset=\"https:\/\/gallery-puzic.com\/wp-content\/uploads\/2026\/02\/mailaender-foto-200x300.jpeg 200w, https:\/\/gallery-puzic.com\/wp-content\/uploads\/2026\/02\/mailaender-foto-8x12.jpeg 8w, https:\/\/gallery-puzic.com\/wp-content\/uploads\/2026\/02\/mailaender-foto.jpeg 500w\" sizes=\"(max-width: 200px) 100vw, 200px\" \/>\t\t\t\t\t\t\t\t\t\t\t\t\t\t\t<\/div>\n\t\t\t\t<\/div>\n\t\t\t\t\t<\/div>\n\t\t<\/div>\n\t\t\t\t<div class=\"elementor-column elementor-col-66 elementor-top-column elementor-element elementor-element-6fd1700\" data-id=\"6fd1700\" data-element_type=\"column\" data-e-type=\"column\">\n\t\t\t<div class=\"elementor-widget-wrap elementor-element-populated\">\n\t\t\t\t\t\t<div class=\"elementor-element elementor-element-80b01b1 elementor-widget elementor-widget-text-editor\" data-id=\"80b01b1\" data-element_type=\"widget\" data-e-type=\"widget\" data-widget_type=\"text-editor.default\">\n\t\t\t\t<div class=\"elementor-widget-container\">\n\t\t\t\t\t\t\t\t\t<p>Andr\u00e9 Mail\u00e4nder&nbsp; |&nbsp; Biography<\/p>\n<p>Andr\u00e9 Mail\u00e4nder studierte Fotografie an der Fachhochschule Dortmund, unter anderem bei Andr\u00e9 Gelpke, Gosbert Adler und Joachim Brohm. Zus\u00e4tzlich im Zweitstudiengang an der Ruhruniversit\u00e4t Bochum Philosophie, Sprachwissenschaft und Geschichte.<br>Seit 1997 hatte er mehrere Lehrauftr\u00e4ge f\u00fcr Fotografie an der&nbsp;<span style=\"color: var( --e-global-color-text ); font-family: var( --e-global-typography-text-font-family ), Sans-serif; font-weight: var( --e-global-typography-text-font-weight ); font-size: 1rem;\">Hochschule der Bildenden K\u00fcnste Saar<\/span><span style=\"color: var( --e-global-color-text ); font-family: var( --e-global-typography-text-font-family ), Sans-serif; font-weight: var( --e-global-typography-text-font-weight ); font-size: 1rem;\">&nbsp;inne.<\/span><\/p><p><span style=\"color: var( --e-global-color-text ); font-family: var( --e-global-typography-text-font-family ), Sans-serif; font-weight: var( --e-global-typography-text-font-weight ); font-size: 1rem;\">2008\/2009&nbsp;<\/span><span style=\"color: var( --e-global-color-text ); font-family: var( --e-global-typography-text-font-family ), Sans-serif; font-weight: var( --e-global-typography-text-font-weight ); font-size: 1rem;\">Er\u00f6ffnung und Leitung des fotografischen Projektraums \u201cStadtbild Kammerspiel \u2013 Das Fotografische\u201d in Saarbr\u00fccken<\/span><\/p><p>2008\/2009&nbsp;<span style=\"color: var( --e-global-color-text ); font-family: var( --e-global-typography-text-font-family ), Sans-serif; font-weight: var( --e-global-typography-text-font-weight ); font-size: 1rem;\">Lehrauftrag f\u00fcr Fotografie im Fachbereich Freie Kunst der Hochschule der Bildenden K\u00fcnste Saar bei Else Gabriel<\/span><span style=\"color: var( --e-global-color-text ); font-family: var( --e-global-typography-text-font-family ), Sans-serif; font-weight: var( --e-global-typography-text-font-weight ); font-size: 1rem;\"><br><\/span><\/p><p><span style=\"color: var( --e-global-color-text ); font-family: var( --e-global-typography-text-font-family ), Sans-serif; font-weight: var( --e-global-typography-text-font-weight ); font-size: 1rem;\">2009 erhielt er das F\u00f6rderstipendium der Landeshauptstadt Saarbr\u00fccken im Bereich Bildende Kunst. Seine k\u00fcnstlerische Arbeit ist gepr\u00e4gt durch einen dokumentarischen Stil.<\/span><\/p><p>Seit 2014 unterrichtet er als Dozent an der Abendschule der HBKsaar das Fach Fotografie.<\/p>\n<p><b>Einzelausstellungen (E) und Gruppenausstellungen (G)<\/b><\/p>\n<p style=\"margin: 0in 0in 0.0001pt; font-size: 12pt; font-family: &quot;Times New Roman&quot;; color: rgb(0, 0, 0);\"><span style=\"font-family: &quot;Avenir Roman&quot;; color: rgb(34, 34, 34); background-image: initial; background-position: initial; background-size: initial; background-repeat: initial; background-attachment: initial; background-origin: initial; background-clip: initial;\">2026<\/span><span style=\"font-family: &quot;Avenir Roman&quot;; color: rgb(34, 34, 34);\"><br><span style=\"background-image: initial; background-position: initial; background-size: initial; background-repeat: initial; background-attachment: initial; background-origin: initial; background-clip: initial;\">SZENENWECHSEL, Galerie Puzic, Saarbru\u0308cken (G)<\/span><br><br><span style=\"background-image: initial; background-position: initial; background-size: initial; background-repeat: initial; background-attachment: initial; background-origin: initial; background-clip: initial;\">2025<\/span><br><span style=\"background-image: initial; background-position: initial; background-size: initial; background-repeat: initial; background-attachment: initial; background-origin: initial; background-clip: initial;\">Vorher und Nachher \/ Krieg oder Frieden, Galerie Puzic, Saarbru\u0308cken (G)<\/span><br><span style=\"background-image: initial; background-position: initial; background-size: initial; background-repeat: initial; background-attachment: initial; background-origin: initial; background-clip: initial;\">Viele Gru\u0308nde 2, Galerie Puzic, Saarbru\u0308cken (G)<\/span><br><br><span style=\"background-image: initial; background-position: initial; background-size: initial; background-repeat: initial; background-attachment: initial; background-origin: initial; background-clip: initial;\">2024<\/span><br><span style=\"background-image: initial; background-position: initial; background-size: initial; background-repeat: initial; background-attachment: initial; background-origin: initial; background-clip: initial;\">50 Jahre BBK Saar, Jubil\u00e4umsausstellung, Saarl\u00e4ndisches Ku\u0308nstlerhaus, Saarbru\u0308cken (G)<\/span><br><span style=\"background-image: initial; background-position: initial; background-size: initial; background-repeat: initial; background-attachment: initial; background-origin: initial; background-clip: initial;\">kafka100, SALI E TABACCHI, Saarbru\u0308cken (G)<\/span><br><span style=\"background-image: initial; background-position: initial; background-size: initial; background-repeat: initial; background-attachment: initial; background-origin: initial; background-clip: initial;\">SCHON\/WIDER DIE NATUR, Malerei &#8211; Fotografie &#8211; Film &#8211; Objekte, Galerie Puzic, Saarbru\u0308cken (G)<\/span><br><br><span style=\"background-image: initial; background-position: initial; background-size: initial; background-repeat: initial; background-attachment: initial; background-origin: initial; background-clip: initial;\">2023<\/span><br><span style=\"background-image: initial; background-position: initial; background-size: initial; background-repeat: initial; background-attachment: initial; background-origin: initial; background-clip: initial;\">Gestern. Heute. Morgen? Fotografien zum Strukturwandel in der Gro\u00dfregion, Historisches Museum Saar (Katalog) (G)<\/span><br><span style=\"background-image: initial; background-position: initial; background-size: initial; background-repeat: initial; background-attachment: initial; background-origin: initial; background-clip: initial;\">Viele Gru\u0308nde, Galerie Puzic, Saarbru\u0308cken (G)<\/span><br><span style=\"background-image: initial; background-position: initial; background-size: initial; background-repeat: initial; background-attachment: initial; background-origin: initial; background-clip: initial;\">Secret Night, Galerie Puzic, Saarbru\u0308cken (G)<\/span><br><span style=\"background-image: initial; background-position: initial; background-size: initial; background-repeat: initial; background-attachment: initial; background-origin: initial; background-clip: initial;\">Blickpunkte &#8211; Werkschau 2023, Galerie der Hochschule der Bildenden Ku\u0308nste Saar (HBKsaar) und Ministerium der Finanzen und fu\u0308r Wissenschaft des Saarlandes, Saarbru\u0308cken (G)<\/span><br><br><span style=\"background-image: initial; background-position: initial; background-size: initial; background-repeat: initial; background-attachment: initial; background-origin: initial; background-clip: initial;\">2022<\/span><br><span style=\"background-image: initial; background-position: initial; background-size: initial; background-repeat: initial; background-attachment: initial; background-origin: initial; background-clip: initial;\">Gestern. Heute. Morgen? Fotografien zum Strukturwandel in der Gro\u00dfregion, Forum ALTE POST Pirmasens (Katalog) (G)<\/span><br><span style=\"background-image: initial; background-position: initial; background-size: initial; background-repeat: initial; background-attachment: initial; background-origin: initial; background-clip: initial;\">Das Erbe des Augenblicks, Arthouse Saar, Neunkirchen (Buch) (G)<\/span><br><br><span style=\"background-image: initial; background-position: initial; background-size: initial; background-repeat: initial; background-attachment: initial; background-origin: initial; background-clip: initial;\">2021<\/span><br><span style=\"background-image: initial; background-position: initial; background-size: initial; background-repeat: initial; background-attachment: initial; background-origin: initial; background-clip: initial;\">ReNatur, Bergwerk Reden, Landsweiler-Reden (Katalog) (G)<\/span><br><span style=\"background-image: initial; background-position: initial; background-size: initial; background-repeat: initial; background-attachment: initial; background-origin: initial; background-clip: initial;\">ReNatur, Ku\u0308nstlerzeche \u201eUnser Fritz\u201c, Herne (Katalog) (G)<\/span><br><span style=\"background-image: initial; background-position: initial; background-size: initial; background-repeat: initial; background-attachment: initial; background-origin: initial; background-clip: initial;\">ReNatur, Cubus Kunsthalle, Duisburg (Katalog) (G)<\/span><br><br><span style=\"background-image: initial; background-position: initial; background-size: initial; background-repeat: initial; background-attachment: initial; background-origin: initial; background-clip: initial;\">2019<\/span><br><span style=\"background-image: initial; background-position: initial; background-size: initial; background-repeat: initial; background-attachment: initial; background-origin: initial; background-clip: initial;\">Pictures of Pop &#8211; viertelvor &#8211; fotografien 2003 &#8211; 2018 von andr\u00e9 mail\u00e4nder und falk kuckert, Nauwieser Neunzehn, Saarbru\u0308cken (G)<\/span><br><span style=\"background-image: initial; background-position: initial; background-size: initial; background-repeat: initial; background-attachment: initial; background-origin: initial; background-clip: initial;\">wooden cloud \u2013 Saarbru\u0308cken \/ St. Petersburg \/ Berlin \/ Paris, Goethe Institut Pal\u00e4stinensische Autonomiegebiete, Ramallah (Buch) (E)<\/span><br><span style=\"background-image: initial; background-position: initial; background-size: initial; background-repeat: initial; background-attachment: initial; background-origin: initial; background-clip: initial;\">Blickpunkte &#8211; Werkschau 2019, Galerie der Hochschule der Bildenden Ku\u0308nste Saar, Saarbru\u0308cken (G)<\/span><br><br><span style=\"background-image: initial; background-position: initial; background-size: initial; background-repeat: initial; background-attachment: initial; background-origin: initial; background-clip: initial;\">2018<\/span><br><span style=\"background-image: initial; background-position: initial; background-size: initial; background-repeat: initial; background-attachment: initial; background-origin: initial; background-clip: initial;\">wooden cloud \u2013 Saarbru\u0308cken \/ St. Petersburg \/ Berlin, Maison Heinrich Heine, Fondation D\u2018Allemagne, Paris, Frankreich (Buch) (E)<\/span><br><br><span style=\"background-image: initial; background-position: initial; background-size: initial; background-repeat: initial; background-attachment: initial; background-origin: initial; background-clip: initial;\">2017<\/span><br><span style=\"background-image: initial; background-position: initial; background-size: initial; background-repeat: initial; background-attachment: initial; background-origin: initial; background-clip: initial;\">Saarart11, Landeskunstausstellung Saarland, Saarbru\u0308cken, (Katalog) (G)<\/span><br><span style=\"background-image: initial; background-position: initial; background-size: initial; background-repeat: initial; background-attachment: initial; background-origin: initial; background-clip: initial;\">wooden cloud \u2013 Saarbru\u0308cken \/ St. Petersburg \/ Berlin, Ministerium fu\u0308r Bildung- und Kultur des Saarlandes (G)<\/span><br><br><span style=\"background-image: initial; background-position: initial; background-size: initial; background-repeat: initial; background-attachment: initial; background-origin: initial; background-clip: initial;\">2016<\/span><br><span style=\"background-image: initial; background-position: initial; background-size: initial; background-repeat: initial; background-attachment: initial; background-origin: initial; background-clip: initial;\">Gegenort \/ Neue Landschaften, zusammen mit Martin Steinert, Galerie Besch, Illingen (G)<\/span><br><br><span style=\"background-image: initial; background-position: initial; background-size: initial; background-repeat: initial; background-attachment: initial; background-origin: initial; background-clip: initial;\">2015<\/span><br><span style=\"background-image: initial; background-position: initial; background-size: initial; background-repeat: initial; background-attachment: initial; background-origin: initial; background-clip: initial;\">Imago Mundi, \u201eGermany, mon amour! Fondazione Cini, Venedig, Italien (G)<\/span><br><span style=\"background-image: initial; background-position: initial; background-size: initial; background-repeat: initial; background-attachment: initial; background-origin: initial; background-clip: initial;\">Adam &amp; Eva &#8211; Eva &amp; Adam in der Kunst des 20. und 21. Jahrhunderts, Johanneskirche Saarbru\u0308cken (G)<\/span><br><span style=\"background-image: initial; background-position: initial; background-size: initial; background-repeat: initial; background-attachment: initial; background-origin: initial; background-clip: initial;\">wooden cloud \u2013 Saarbru\u0308cken, Johanneskirche Saarbru\u0308cken (Buch) (E)<\/span><br><br><span style=\"background-image: initial; background-position: initial; background-size: initial; background-repeat: initial; background-attachment: initial; background-origin: initial; background-clip: initial;\">2014<\/span><br><span style=\"background-image: initial; background-position: initial; background-size: initial; background-repeat: initial; background-attachment: initial; background-origin: initial; background-clip: initial;\">Gegenort, Kunstprojekt im Wassergarten Reden, Landsweiler-Reden (Katalog) (G)<\/span><br><br><span style=\"background-image: initial; background-position: initial; background-size: initial; background-repeat: initial; background-attachment: initial; background-origin: initial; background-clip: initial;\">2013<\/span><br><span style=\"background-image: initial; background-position: initial; background-size: initial; background-repeat: initial; background-attachment: initial; background-origin: initial; background-clip: initial;\">DREI PLUS DREI &#8211; Sechs fotografische Positionen, Kunstzentrum Bosener Mu\u0308hle, Bosen (Katalog) (G)<\/span><br><br><span style=\"background-image: initial; background-position: initial; background-size: initial; background-repeat: initial; background-attachment: initial; background-origin: initial; background-clip: initial;\">2012<\/span><br><span style=\"background-image: initial; background-position: initial; background-size: initial; background-repeat: initial; background-attachment: initial; background-origin: initial; background-clip: initial;\">Dancing Darkness \/\/ Zeitgen\u00f6ssische Fotografie, Patton Stiftung, Saarbru\u0308cken (G)<\/span><br><br><span style=\"background-image: initial; background-position: initial; background-size: initial; background-repeat: initial; background-attachment: initial; background-origin: initial; background-clip: initial;\">2011<\/span><br><span style=\"background-image: initial; background-position: initial; background-size: initial; background-repeat: initial; background-attachment: initial; background-origin: initial; background-clip: initial;\">Nantes-Saarbru\u0308cken-Tbilissi \u2013 \u2018portraits de jeunes europ\u00e9ens\u2019, Centre des Expositions, Nantes M\u00e9tropole, Nantes, Frankreich (Katalog) (E)<\/span><br><br><span style=\"background-image: initial; background-position: initial; background-size: initial; background-repeat: initial; background-attachment: initial; background-origin: initial; background-clip: initial;\">2010<\/span><br><span style=\"background-image: initial; background-position: initial; background-size: initial; background-repeat: initial; background-attachment: initial; background-origin: initial; background-clip: initial;\">Fotosynthesen &#8211; Fotografische Arbeiten von Joachim Lischke und Andr\u00e9 Mail\u00e4nder, Saarlandmuseum, Saarbru\u0308cken (Katalog) (G)<\/span><br><span style=\"background-image: initial; background-position: initial; background-size: initial; background-repeat: initial; background-attachment: initial; background-origin: initial; background-clip: initial;\">Viertelalbum #4, Stipendiatenausstellung Stadt Saarbru\u0308cken, Kulturfoyer Saarbru\u0308cken (E)<\/span><br><span style=\"background-image: initial; background-position: initial; background-size: initial; background-repeat: initial; background-attachment: initial; background-origin: initial; background-clip: initial;\">Portraits de jeunes europ\u00e9ens: Nantes-Saarbru\u0308cken-Tbilissi, Rathaus St. Johann, Saarbru\u0308cken (Katalog) (E)<\/span><br><span style=\"background-image: initial; background-position: initial; background-size: initial; background-repeat: initial; background-attachment: initial; background-origin: initial; background-clip: initial;\">Portraits de jeunes europ\u00e9ens: Nantes-Saarbru\u0308cken-Tbilissi, Gala Gallery, Tbilissi, Georgien (Katalog) (E)<\/span><br><br><span style=\"background-image: initial; background-position: initial; background-size: initial; background-repeat: initial; background-attachment: initial; background-origin: initial; background-clip: initial;\">2009<\/span><br><span style=\"background-image: initial; background-position: initial; background-size: initial; background-repeat: initial; background-attachment: initial; background-origin: initial; background-clip: initial;\">Le Kirchberg 2006 &#8211; 2007 , ECHAPP\u00c9E BELLE, Mus\u00e9e THE FAMILY OF MAN, Chateau de Clervaux\/Luxembourg, La Cit\u00e9 de l\u2019Image, Luxemburg (G)<\/span><br><span style=\"background-image: initial; background-position: initial; background-size: initial; background-repeat: initial; background-attachment: initial; background-origin: initial; background-clip: initial;\">Le Kirchberg 2006 &#8211; 2007 \u2013 Salon de Refus\u00e9s, Stadtbild Kammerspiel \u2013 Das Fotografische, Saarbru\u0308cken (E)<\/span><br><span style=\"background-image: initial; background-position: initial; background-size: initial; background-repeat: initial; background-attachment: initial; background-origin: initial; background-clip: initial;\">\u00c9TAT DES LIEUX \u2013 UNE DOCUMENTATION PHOTOGRAPHIQUE, Mois Europ\u00e9en de la Photographie \u2013 Luxembourg, Fondation de L\u2019Architecture, Luxemburg (Katalog) (G)<\/span><br><span style=\"background-image: initial; background-position: initial; background-size: initial; background-repeat: initial; background-attachment: initial; background-origin: initial; background-clip: initial;\">Subjektives Saarland, Galerie Atelier A, Nantes, Frankreich (G)<\/span><br><span style=\"background-image: initial; background-position: initial; background-size: initial; background-repeat: initial; background-attachment: initial; background-origin: initial; background-clip: initial;\">Kenn-Zeichen SB, Stadtgalerie Saarbru\u0308cken (Katalog) (G)<\/span><br><br><span style=\"background-image: initial; background-position: initial; background-size: initial; background-repeat: initial; background-attachment: initial; background-origin: initial; background-clip: initial;\">2008<\/span><br><span style=\"background-image: initial; background-position: initial; background-size: initial; background-repeat: initial; background-attachment: initial; background-origin: initial; background-clip: initial;\">Europ\u00e4ische Naturreisen, Stadtbild Kammerspiel \u2013 Das Fotografische, Saarbru\u0308cken (E)<\/span><br><br><span style=\"background-image: initial; background-position: initial; background-size: initial; background-repeat: initial; background-attachment: initial; background-origin: initial; background-clip: initial;\">2006<\/span><br><span style=\"background-image: initial; background-position: initial; background-size: initial; background-repeat: initial; background-attachment: initial; background-origin: initial; background-clip: initial;\">Kulisse, Kunstzentrum Nei Liicht, Dudelange, Luxemburg (E)<\/span><br><br><span style=\"background-image: initial; background-position: initial; background-size: initial; background-repeat: initial; background-attachment: initial; background-origin: initial; background-clip: initial;\">2005<\/span><br><span style=\"background-image: initial; background-position: initial; background-size: initial; background-repeat: initial; background-attachment: initial; background-origin: initial; background-clip: initial;\">geschossen + gedruckt, St\u00e4dtische Galerie Lu\u0308denscheid, Lu\u0308denscheid (G)<\/span><br><span style=\"background-image: initial; background-position: initial; background-size: initial; background-repeat: initial; background-attachment: initial; background-origin: initial; background-clip: initial;\">Industrieland Saar, Industriekultur Saar, G\u00f6ttelborn\/Saar (E)<\/span><br><br><span style=\"background-image: initial; background-position: initial; background-size: initial; background-repeat: initial; background-attachment: initial; background-origin: initial; background-clip: initial;\">2003<\/span><br><span style=\"background-image: initial; background-position: initial; background-size: initial; background-repeat: initial; background-attachment: initial; background-origin: initial; background-clip: initial;\">Kulisse, Architektenkammer des Saarlandes, Saarbru\u0308cken (E)<\/span><br><br><span style=\"background-image: initial; background-position: initial; background-size: initial; background-repeat: initial; background-attachment: initial; background-origin: initial; background-clip: initial;\">2002<\/span><br><span style=\"background-image: initial; background-position: initial; background-size: initial; background-repeat: initial; background-attachment: initial; background-origin: initial; background-clip: initial;\">Kulisse, Galerie der KHG, Dortmund (E)<\/span><br><span style=\"background-image: initial; background-position: initial; background-size: initial; background-repeat: initial; background-attachment: initial; background-origin: initial; background-clip: initial;\">Kulisse, Photokina, K\u00f6ln (G)<\/span><\/span><span style=\"font-size: 10pt; font-family: Times;\"><o:p><\/o:p><\/span><\/p>\n<p><br><\/p>\n<p>Preise\/Auszeichnungen<\/p>\n<p>2009 F\u00f6rderstipendium der Landeshauptstadt Saarbr\u00fccken im Bereich Bildende Kunst<\/p>\t\t\t\t\t\t\t\t<\/div>\n\t\t\t\t<\/div>\n\t\t\t\t\t<\/div>\n\t\t<\/div>\n\t\t\t\t\t<\/div>\n\t\t<\/section>\n\t\t\t\t<section class=\"elementor-section elementor-top-section elementor-element elementor-element-49bf067 elementor-section-boxed elementor-section-height-default elementor-section-height-default\" data-id=\"49bf067\" data-element_type=\"section\" data-e-type=\"section\">\n\t\t\t\t\t\t<div class=\"elementor-container elementor-column-gap-default\">\n\t\t\t\t\t<div class=\"elementor-column elementor-col-100 elementor-top-column elementor-element elementor-element-81e3ace\" data-id=\"81e3ace\" data-element_type=\"column\" data-e-type=\"column\">\n\t\t\t<div class=\"elementor-widget-wrap elementor-element-populated\">\n\t\t\t\t\t\t<div class=\"elementor-element elementor-element-ba68c03 elementor-widget elementor-widget-spacer\" data-id=\"ba68c03\" data-element_type=\"widget\" data-e-type=\"widget\" data-widget_type=\"spacer.default\">\n\t\t\t\t<div class=\"elementor-widget-container\">\n\t\t\t\t\t\t\t<div class=\"elementor-spacer\">\n\t\t\t<div class=\"elementor-spacer-inner\"><\/div>\n\t\t<\/div>\n\t\t\t\t\t\t<\/div>\n\t\t\t\t<\/div>\n\t\t\t\t\t<\/div>\n\t\t<\/div>\n\t\t\t\t\t<\/div>\n\t\t<\/section>\n\t\t\t\t<\/div>","protected":false},"excerpt":{"rendered":"<p>Andr\u00e9 Mail\u00e4nder artworks biography Andr\u00e9 Mail\u00e4nder&nbsp; |&nbsp; Biography Andr\u00e9 Mail\u00e4nder studierte Fotografie an der Fachhochschule Dortmund, unter anderem bei Andr\u00e9 Gelpke, Gosbert Adler und Joachim Brohm. Zus\u00e4tzlich im Zweitstudiengang an der Ruhruniversit\u00e4t Bochum Philosophie, Sprachwissenschaft und Geschichte.Seit 1997 hatte er mehrere Lehrauftr\u00e4ge f\u00fcr Fotografie an der&nbsp;Hochschule der Bildenden K\u00fcnste Saar&nbsp;inne. 2008\/2009&nbsp;Er\u00f6ffnung und Leitung des fotografischen [&hellip;]<\/p>\n","protected":false},"author":2,"featured_media":0,"parent":0,"menu_order":0,"comment_status":"closed","ping_status":"closed","template":"","meta":{"footnotes":""},"class_list":["post-8368","page","type-page","status-publish","hentry"],"_links":{"self":[{"href":"https:\/\/gallery-puzic.com\/en\/wp-json\/wp\/v2\/pages\/8368","targetHints":{"allow":["GET"]}}],"collection":[{"href":"https:\/\/gallery-puzic.com\/en\/wp-json\/wp\/v2\/pages"}],"about":[{"href":"https:\/\/gallery-puzic.com\/en\/wp-json\/wp\/v2\/types\/page"}],"author":[{"embeddable":true,"href":"https:\/\/gallery-puzic.com\/en\/wp-json\/wp\/v2\/users\/2"}],"replies":[{"embeddable":true,"href":"https:\/\/gallery-puzic.com\/en\/wp-json\/wp\/v2\/comments?post=8368"}],"version-history":[{"count":25,"href":"https:\/\/gallery-puzic.com\/en\/wp-json\/wp\/v2\/pages\/8368\/revisions"}],"predecessor-version":[{"id":8404,"href":"https:\/\/gallery-puzic.com\/en\/wp-json\/wp\/v2\/pages\/8368\/revisions\/8404"}],"wp:attachment":[{"href":"https:\/\/gallery-puzic.com\/en\/wp-json\/wp\/v2\/media?parent=8368"}],"curies":[{"name":"wp","href":"https:\/\/api.w.org\/{rel}","templated":true}]}}