{"id":7167,"date":"2025-06-20T11:56:04","date_gmt":"2025-06-20T11:56:04","guid":{"rendered":"https:\/\/gallery-puzic.com\/?page_id=7167"},"modified":"2025-06-20T14:20:37","modified_gmt":"2025-06-20T14:20:37","slug":"mane-hellenthal","status":"publish","type":"page","link":"https:\/\/gallery-puzic.com\/en\/mane-hellenthal\/","title":{"rendered":"MANE HELLENTHAL"},"content":{"rendered":"<div data-elementor-type=\"wp-page\" data-elementor-id=\"7167\" class=\"elementor elementor-7167\">\n\t\t\t\t\t\t<section class=\"elementor-section elementor-top-section elementor-element elementor-element-85acfa7 elementor-section-boxed elementor-section-height-default elementor-section-height-default\" data-id=\"85acfa7\" data-element_type=\"section\" data-e-type=\"section\">\n\t\t\t\t\t\t<div class=\"elementor-container elementor-column-gap-default\">\n\t\t\t\t\t<div class=\"elementor-column elementor-col-100 elementor-top-column elementor-element elementor-element-434e488\" data-id=\"434e488\" data-element_type=\"column\" data-e-type=\"column\">\n\t\t\t<div class=\"elementor-widget-wrap elementor-element-populated\">\n\t\t\t\t\t\t<div class=\"elementor-element elementor-element-5432eff elementor-widget-divider--view-line elementor-widget elementor-widget-divider\" data-id=\"5432eff\" data-element_type=\"widget\" data-e-type=\"widget\" data-widget_type=\"divider.default\">\n\t\t\t\t<div class=\"elementor-widget-container\">\n\t\t\t\t\t\t\t<div class=\"elementor-divider\">\n\t\t\t<span class=\"elementor-divider-separator\">\n\t\t\t\t\t\t<\/span>\n\t\t<\/div>\n\t\t\t\t\t\t<\/div>\n\t\t\t\t<\/div>\n\t\t\t\t\t<\/div>\n\t\t<\/div>\n\t\t\t\t\t<\/div>\n\t\t<\/section>\n\t\t\t\t<section class=\"elementor-section elementor-top-section elementor-element elementor-element-cebc0ce elementor-section-boxed elementor-section-height-default elementor-section-height-default\" data-id=\"cebc0ce\" data-element_type=\"section\" data-e-type=\"section\">\n\t\t\t\t\t\t<div class=\"elementor-container elementor-column-gap-default\">\n\t\t\t\t\t<div class=\"elementor-column elementor-col-100 elementor-top-column elementor-element elementor-element-78fffbc\" data-id=\"78fffbc\" data-element_type=\"column\" data-e-type=\"column\">\n\t\t\t<div class=\"elementor-widget-wrap elementor-element-populated\">\n\t\t\t\t\t\t<div class=\"elementor-element elementor-element-dfe42e0 elementor-widget elementor-widget-heading\" data-id=\"dfe42e0\" data-element_type=\"widget\" data-e-type=\"widget\" data-widget_type=\"heading.default\">\n\t\t\t\t<div class=\"elementor-widget-container\">\n\t\t\t\t\t<h2 class=\"elementor-heading-title elementor-size-default\">MANE HELLENTHAL<\/h2>\t\t\t\t<\/div>\n\t\t\t\t<\/div>\n\t\t\t\t\t<\/div>\n\t\t<\/div>\n\t\t\t\t\t<\/div>\n\t\t<\/section>\n\t\t\t\t<section class=\"elementor-section elementor-top-section elementor-element elementor-element-ab5d263 elementor-section-boxed elementor-section-height-default elementor-section-height-default\" data-id=\"ab5d263\" data-element_type=\"section\" data-e-type=\"section\">\n\t\t\t\t\t\t<div class=\"elementor-container elementor-column-gap-default\">\n\t\t\t\t\t<div class=\"elementor-column elementor-col-25 elementor-top-column elementor-element elementor-element-d92daf5\" data-id=\"d92daf5\" data-element_type=\"column\" data-e-type=\"column\">\n\t\t\t<div class=\"elementor-widget-wrap\">\n\t\t\t\t\t\t\t<\/div>\n\t\t<\/div>\n\t\t\t\t<div class=\"elementor-column elementor-col-25 elementor-top-column elementor-element elementor-element-334ad00\" data-id=\"334ad00\" data-element_type=\"column\" data-e-type=\"column\">\n\t\t\t<div class=\"elementor-widget-wrap\">\n\t\t\t\t\t\t\t<\/div>\n\t\t<\/div>\n\t\t\t\t<div class=\"elementor-column elementor-col-25 elementor-top-column elementor-element elementor-element-60245ae\" data-id=\"60245ae\" data-element_type=\"column\" data-e-type=\"column\">\n\t\t\t<div class=\"elementor-widget-wrap elementor-element-populated\">\n\t\t\t\t\t\t<div class=\"elementor-element elementor-element-c4534c3 elementor-widget elementor-widget-text-editor\" data-id=\"c4534c3\" data-element_type=\"widget\" data-e-type=\"widget\" data-widget_type=\"text-editor.default\">\n\t\t\t\t<div class=\"elementor-widget-container\">\n\t\t\t\t\t\t\t\t\t<p>artworks<\/p>\t\t\t\t\t\t\t\t<\/div>\n\t\t\t\t<\/div>\n\t\t\t\t\t<\/div>\n\t\t<\/div>\n\t\t\t\t<div class=\"elementor-column elementor-col-25 elementor-top-column elementor-element elementor-element-5cbfaa4\" data-id=\"5cbfaa4\" data-element_type=\"column\" data-e-type=\"column\">\n\t\t\t<div class=\"elementor-widget-wrap elementor-element-populated\">\n\t\t\t\t\t\t<div class=\"elementor-element elementor-element-6171a2d elementor-widget elementor-widget-text-editor\" data-id=\"6171a2d\" data-element_type=\"widget\" data-e-type=\"widget\" data-widget_type=\"text-editor.default\">\n\t\t\t\t<div class=\"elementor-widget-container\">\n\t\t\t\t\t\t\t\t\t<p>biography<\/p>\t\t\t\t\t\t\t\t<\/div>\n\t\t\t\t<\/div>\n\t\t\t\t\t<\/div>\n\t\t<\/div>\n\t\t\t\t\t<\/div>\n\t\t<\/section>\n\t\t\t\t<section class=\"elementor-section elementor-top-section elementor-element elementor-element-d1e04b0 elementor-section-boxed elementor-section-height-default elementor-section-height-default\" data-id=\"d1e04b0\" data-element_type=\"section\" data-e-type=\"section\">\n\t\t\t\t\t\t<div class=\"elementor-container elementor-column-gap-default\">\n\t\t\t\t\t<div class=\"elementor-column elementor-col-25 elementor-top-column elementor-element elementor-element-6bc8f41\" data-id=\"6bc8f41\" data-element_type=\"column\" data-e-type=\"column\">\n\t\t\t<div class=\"elementor-widget-wrap elementor-element-populated\">\n\t\t\t\t\t\t<div class=\"elementor-element elementor-element-ca365c5 elementor-widget elementor-widget-image\" data-id=\"ca365c5\" data-element_type=\"widget\" data-e-type=\"widget\" data-widget_type=\"image.default\">\n\t\t\t\t<div class=\"elementor-widget-container\">\n\t\t\t\t\t\t\t\t\t\t\t\t<figure class=\"wp-caption\">\n\t\t\t\t\t\t\t\t\t\t<img fetchpriority=\"high\" decoding=\"async\" width=\"212\" height=\"300\" src=\"https:\/\/gallery-puzic.com\/wp-content\/uploads\/2025\/06\/Meise-Pferd-oelacryl-auf-papier-2013-212x300.jpg\" class=\"attachment-medium size-medium wp-image-7088\" alt=\"\" srcset=\"https:\/\/gallery-puzic.com\/wp-content\/uploads\/2025\/06\/Meise-Pferd-oelacryl-auf-papier-2013-212x300.jpg 212w, https:\/\/gallery-puzic.com\/wp-content\/uploads\/2025\/06\/Meise-Pferd-oelacryl-auf-papier-2013-723x1024.jpg 723w, https:\/\/gallery-puzic.com\/wp-content\/uploads\/2025\/06\/Meise-Pferd-oelacryl-auf-papier-2013-768x1088.jpg 768w, https:\/\/gallery-puzic.com\/wp-content\/uploads\/2025\/06\/Meise-Pferd-oelacryl-auf-papier-2013-1085x1536.jpg 1085w, https:\/\/gallery-puzic.com\/wp-content\/uploads\/2025\/06\/Meise-Pferd-oelacryl-auf-papier-2013-1446x2048.jpg 1446w, https:\/\/gallery-puzic.com\/wp-content\/uploads\/2025\/06\/Meise-Pferd-oelacryl-auf-papier-2013-8x12.jpg 8w, https:\/\/gallery-puzic.com\/wp-content\/uploads\/2025\/06\/Meise-Pferd-oelacryl-auf-papier-2013.jpg 1706w\" sizes=\"(max-width: 212px) 100vw, 212px\" \/>\t\t\t\t\t\t\t\t\t\t\t<figcaption class=\"widget-image-caption wp-caption-text\">\"Meise \/Pferd,\" \u00a8d  \u00d6l\/Acryl auf Papier, 2013<\/figcaption>\n\t\t\t\t\t\t\t\t\t\t<\/figure>\n\t\t\t\t\t\t\t\t\t<\/div>\n\t\t\t\t<\/div>\n\t\t\t\t\t<\/div>\n\t\t<\/div>\n\t\t\t\t<div class=\"elementor-column elementor-col-25 elementor-top-column elementor-element elementor-element-cfeea9e\" data-id=\"cfeea9e\" data-element_type=\"column\" data-e-type=\"column\">\n\t\t\t<div class=\"elementor-widget-wrap elementor-element-populated\">\n\t\t\t\t\t\t<div class=\"elementor-element elementor-element-2d48265 elementor-widget elementor-widget-image\" data-id=\"2d48265\" data-element_type=\"widget\" data-e-type=\"widget\" data-widget_type=\"image.default\">\n\t\t\t\t<div class=\"elementor-widget-container\">\n\t\t\t\t\t\t\t\t\t\t\t\t<figure class=\"wp-caption\">\n\t\t\t\t\t\t\t\t\t\t<img decoding=\"async\" width=\"211\" height=\"300\" src=\"https:\/\/gallery-puzic.com\/wp-content\/uploads\/2025\/06\/0.T.-aus-der-Serie-Provinzielle-Bauwerke-Serie-2015-211x300.jpeg\" class=\"attachment-medium size-medium wp-image-7085\" alt=\"\" srcset=\"https:\/\/gallery-puzic.com\/wp-content\/uploads\/2025\/06\/0.T.-aus-der-Serie-Provinzielle-Bauwerke-Serie-2015-211x300.jpeg 211w, https:\/\/gallery-puzic.com\/wp-content\/uploads\/2025\/06\/0.T.-aus-der-Serie-Provinzielle-Bauwerke-Serie-2015-8x12.jpeg 8w, https:\/\/gallery-puzic.com\/wp-content\/uploads\/2025\/06\/0.T.-aus-der-Serie-Provinzielle-Bauwerke-Serie-2015.jpeg 302w\" sizes=\"(max-width: 211px) 100vw, 211px\" \/>\t\t\t\t\t\t\t\t\t\t\t<figcaption class=\"widget-image-caption wp-caption-text\">0.T.,  Serie \"Provinzielle Bauwerke\", 2015<\/figcaption>\n\t\t\t\t\t\t\t\t\t\t<\/figure>\n\t\t\t\t\t\t\t\t\t<\/div>\n\t\t\t\t<\/div>\n\t\t\t\t\t<\/div>\n\t\t<\/div>\n\t\t\t\t<div class=\"elementor-column elementor-col-25 elementor-top-column elementor-element elementor-element-795eab0\" data-id=\"795eab0\" data-element_type=\"column\" data-e-type=\"column\">\n\t\t\t<div class=\"elementor-widget-wrap elementor-element-populated\">\n\t\t\t\t\t\t<div class=\"elementor-element elementor-element-71811f4 elementor-widget elementor-widget-image\" data-id=\"71811f4\" data-element_type=\"widget\" data-e-type=\"widget\" data-widget_type=\"image.default\">\n\t\t\t\t<div class=\"elementor-widget-container\">\n\t\t\t\t\t\t\t\t\t\t\t\t<figure class=\"wp-caption\">\n\t\t\t\t\t\t\t\t\t\t<img decoding=\"async\" width=\"162\" height=\"300\" src=\"https:\/\/gallery-puzic.com\/wp-content\/uploads\/2025\/06\/baum-2-2017-162x300.jpeg\" class=\"attachment-medium size-medium wp-image-7086\" alt=\"\" srcset=\"https:\/\/gallery-puzic.com\/wp-content\/uploads\/2025\/06\/baum-2-2017-162x300.jpeg 162w, https:\/\/gallery-puzic.com\/wp-content\/uploads\/2025\/06\/baum-2-2017-6x12.jpeg 6w, https:\/\/gallery-puzic.com\/wp-content\/uploads\/2025\/06\/baum-2-2017.jpeg 232w\" sizes=\"(max-width: 162px) 100vw, 162px\" \/>\t\t\t\t\t\t\t\t\t\t\t<figcaption class=\"widget-image-caption wp-caption-text\">\"Baum 2,\"  2017<\/figcaption>\n\t\t\t\t\t\t\t\t\t\t<\/figure>\n\t\t\t\t\t\t\t\t\t<\/div>\n\t\t\t\t<\/div>\n\t\t\t\t\t<\/div>\n\t\t<\/div>\n\t\t\t\t<div class=\"elementor-column elementor-col-25 elementor-top-column elementor-element elementor-element-a254219\" data-id=\"a254219\" data-element_type=\"column\" data-e-type=\"column\">\n\t\t\t<div class=\"elementor-widget-wrap elementor-element-populated\">\n\t\t\t\t\t\t<div class=\"elementor-element elementor-element-49e902e elementor-widget elementor-widget-image\" data-id=\"49e902e\" data-element_type=\"widget\" data-e-type=\"widget\" data-widget_type=\"image.default\">\n\t\t\t\t<div class=\"elementor-widget-container\">\n\t\t\t\t\t\t\t\t\t\t\t\t<figure class=\"wp-caption\">\n\t\t\t\t\t\t\t\t\t\t<img loading=\"lazy\" decoding=\"async\" width=\"800\" height=\"511\" src=\"https:\/\/gallery-puzic.com\/wp-content\/uploads\/2025\/06\/Schattenrasen-II-2013-Malerei-auf-Wand-und-Leinwand-7x320-m-1024x654.png\" class=\"attachment-large size-large wp-image-7201\" alt=\"\" srcset=\"https:\/\/gallery-puzic.com\/wp-content\/uploads\/2025\/06\/Schattenrasen-II-2013-Malerei-auf-Wand-und-Leinwand-7x320-m-1024x654.png 1024w, https:\/\/gallery-puzic.com\/wp-content\/uploads\/2025\/06\/Schattenrasen-II-2013-Malerei-auf-Wand-und-Leinwand-7x320-m-300x192.png 300w, https:\/\/gallery-puzic.com\/wp-content\/uploads\/2025\/06\/Schattenrasen-II-2013-Malerei-auf-Wand-und-Leinwand-7x320-m-768x491.png 768w, https:\/\/gallery-puzic.com\/wp-content\/uploads\/2025\/06\/Schattenrasen-II-2013-Malerei-auf-Wand-und-Leinwand-7x320-m-1536x982.png 1536w, https:\/\/gallery-puzic.com\/wp-content\/uploads\/2025\/06\/Schattenrasen-II-2013-Malerei-auf-Wand-und-Leinwand-7x320-m-18x12.png 18w, https:\/\/gallery-puzic.com\/wp-content\/uploads\/2025\/06\/Schattenrasen-II-2013-Malerei-auf-Wand-und-Leinwand-7x320-m.png 1837w\" sizes=\"(max-width: 800px) 100vw, 800px\" \/>\t\t\t\t\t\t\t\t\t\t\t<figcaption class=\"widget-image-caption wp-caption-text\">\"Schattenrasen  II,\"  2013 Malerei auf Wand und Leinwand, 7x3,20 m<\/figcaption>\n\t\t\t\t\t\t\t\t\t\t<\/figure>\n\t\t\t\t\t\t\t\t\t<\/div>\n\t\t\t\t<\/div>\n\t\t\t\t\t<\/div>\n\t\t<\/div>\n\t\t\t\t\t<\/div>\n\t\t<\/section>\n\t\t\t\t<section class=\"elementor-section elementor-top-section elementor-element elementor-element-be0013f elementor-section-boxed elementor-section-height-default elementor-section-height-default\" data-id=\"be0013f\" data-element_type=\"section\" data-e-type=\"section\">\n\t\t\t\t\t\t<div class=\"elementor-container elementor-column-gap-default\">\n\t\t\t\t\t<div class=\"elementor-column elementor-col-100 elementor-top-column elementor-element elementor-element-43976ae\" data-id=\"43976ae\" data-element_type=\"column\" data-e-type=\"column\">\n\t\t\t<div class=\"elementor-widget-wrap\">\n\t\t\t\t\t\t\t<\/div>\n\t\t<\/div>\n\t\t\t\t\t<\/div>\n\t\t<\/section>\n\t\t\t\t<section class=\"elementor-section elementor-top-section elementor-element elementor-element-85f2e25 elementor-section-boxed elementor-section-height-default elementor-section-height-default\" data-id=\"85f2e25\" data-element_type=\"section\" data-e-type=\"section\">\n\t\t\t\t\t\t<div class=\"elementor-container elementor-column-gap-default\">\n\t\t\t\t\t<div class=\"elementor-column elementor-col-100 elementor-top-column elementor-element elementor-element-d2c1516\" data-id=\"d2c1516\" data-element_type=\"column\" data-e-type=\"column\">\n\t\t\t<div class=\"elementor-widget-wrap elementor-element-populated\">\n\t\t\t\t\t\t<div class=\"elementor-element elementor-element-1560e8c elementor-widget elementor-widget-spacer\" data-id=\"1560e8c\" data-element_type=\"widget\" data-e-type=\"widget\" data-widget_type=\"spacer.default\">\n\t\t\t\t<div class=\"elementor-widget-container\">\n\t\t\t\t\t\t\t<div class=\"elementor-spacer\">\n\t\t\t<div class=\"elementor-spacer-inner\"><\/div>\n\t\t<\/div>\n\t\t\t\t\t\t<\/div>\n\t\t\t\t<\/div>\n\t\t\t\t<div class=\"elementor-element elementor-element-25948d0 elementor-widget elementor-widget-spacer\" data-id=\"25948d0\" data-element_type=\"widget\" data-e-type=\"widget\" data-widget_type=\"spacer.default\">\n\t\t\t\t<div class=\"elementor-widget-container\">\n\t\t\t\t\t\t\t<div class=\"elementor-spacer\">\n\t\t\t<div class=\"elementor-spacer-inner\"><\/div>\n\t\t<\/div>\n\t\t\t\t\t\t<\/div>\n\t\t\t\t<\/div>\n\t\t\t\t\t<\/div>\n\t\t<\/div>\n\t\t\t\t\t<\/div>\n\t\t<\/section>\n\t\t\t\t<section class=\"elementor-section elementor-top-section elementor-element elementor-element-2977f73 elementor-section-boxed elementor-section-height-default elementor-section-height-default\" data-id=\"2977f73\" data-element_type=\"section\" data-e-type=\"section\">\n\t\t\t\t\t\t<div class=\"elementor-container elementor-column-gap-default\">\n\t\t\t\t\t<div class=\"elementor-column elementor-col-33 elementor-top-column elementor-element elementor-element-b402871\" data-id=\"b402871\" data-element_type=\"column\" data-e-type=\"column\">\n\t\t\t<div class=\"elementor-widget-wrap elementor-element-populated\">\n\t\t\t\t\t\t<div class=\"elementor-element elementor-element-5af2db5 elementor-widget elementor-widget-image\" data-id=\"5af2db5\" data-element_type=\"widget\" data-e-type=\"widget\" data-widget_type=\"image.default\">\n\t\t\t\t<div class=\"elementor-widget-container\">\n\t\t\t\t\t\t\t\t\t\t\t\t\t\t\t<img loading=\"lazy\" decoding=\"async\" width=\"300\" height=\"175\" src=\"https:\/\/gallery-puzic.com\/wp-content\/uploads\/2025\/06\/Mane-Hellenthal-portraet-300x175.png\" class=\"attachment-medium size-medium wp-image-7175\" alt=\"\" srcset=\"https:\/\/gallery-puzic.com\/wp-content\/uploads\/2025\/06\/Mane-Hellenthal-portraet-300x175.png 300w, https:\/\/gallery-puzic.com\/wp-content\/uploads\/2025\/06\/Mane-Hellenthal-portraet-1024x598.png 1024w, https:\/\/gallery-puzic.com\/wp-content\/uploads\/2025\/06\/Mane-Hellenthal-portraet-768x449.png 768w, https:\/\/gallery-puzic.com\/wp-content\/uploads\/2025\/06\/Mane-Hellenthal-portraet-1536x898.png 1536w, https:\/\/gallery-puzic.com\/wp-content\/uploads\/2025\/06\/Mane-Hellenthal-portraet-18x12.png 18w, https:\/\/gallery-puzic.com\/wp-content\/uploads\/2025\/06\/Mane-Hellenthal-portraet.png 1696w\" sizes=\"(max-width: 300px) 100vw, 300px\" \/>\t\t\t\t\t\t\t\t\t\t\t\t\t\t\t<\/div>\n\t\t\t\t<\/div>\n\t\t\t\t\t<\/div>\n\t\t<\/div>\n\t\t\t\t<div class=\"elementor-column elementor-col-66 elementor-top-column elementor-element elementor-element-c11a222\" data-id=\"c11a222\" data-element_type=\"column\" data-e-type=\"column\">\n\t\t\t<div class=\"elementor-widget-wrap elementor-element-populated\">\n\t\t\t\t\t\t<div class=\"elementor-element elementor-element-a8f5166 elementor-widget elementor-widget-text-editor\" data-id=\"a8f5166\" data-element_type=\"widget\" data-e-type=\"widget\" data-widget_type=\"text-editor.default\">\n\t\t\t\t<div class=\"elementor-widget-container\">\n\t\t\t\t\t\t\t\t\t<p>Mane Hellenthal\u00a0 |\u00a0 biography<\/p><p>Malerin<br \/>geboren 1957 in Saarbr\u00fccken;<br \/>lebt und arbeitet in Gersheim und Saarbr\u00fccken<\/p><p><span style=\"text-decoration: underline;\">Vita<\/span><\/p><ul><li>1977\u20131980<\/li><\/ul><p>Goldschmiedeschule Pforzheim<\/p><ul><li>1980\u20131984<\/li><\/ul><p>Auslandsaufenthalte in Spanien, Argentinien und Frankreich<\/p><ul><li>1984\u20131990<\/li><\/ul><p>Arbeit als Zahntechnikerin<\/p><ul><li>1990\u20131997<\/li><\/ul><p>Studium der Freien Kunst an der HBKsaar, Saarbr\u00fccken bei Prof. Bodo Baumgarten (Malerei) und Prof. Ulrike Rosenbach (Neue Medien)<\/p><ul><li>1997<\/li><\/ul><p>Mitaufbau und -organisation der Produzentengalerie O.T., Saarbr\u00fccken<\/p><ul><li>1999\u20132001<\/li><\/ul><p>Aufbaustudium im Fach &#8222;K\u00fcnstlerisches Gestalten und Therapie&#8220; an der Akademie der Bildenden K\u00fcnste, M\u00fcnchen<\/p><ul><li>2001\u20132003<\/li><\/ul><p>Arbeit als Atelierleiterin mit geistig behinderten Menschen in Luxemburg\/LU<\/p><ul><li>seit 2003<\/li><\/ul><p>freischaffende K\u00fcnstlerin<\/p><ul><li>2009<\/li><\/ul><p>Lehrauftrag an der Facultad de Bellas Artes an der Universit\u00e4t Granada\/ES<\/p><ul><li>2013<\/li><\/ul><p>Lehrauftrag an der Fachhochschule f\u00fcr Kunsttherapie, N\u00fcrtingen<\/p><ul><li>lebt und arbeitet in Gersheim und Saarbr\u00fccken<\/li><\/ul><p><u>Mitgliedschaften<\/u><\/p><ul><li>Saarl\u00e4ndischer K\u00fcnstlerbund<\/li><li>Saarl\u00e4ndisches K\u00fcnstlerhaus Saarbr\u00fccken e.V.<\/li><\/ul><p><u>Preise \/ Ehrungen<\/u><\/p><ul><li>2005<\/li><\/ul><p>Ateliersstipendium der Gedok in L\u00fcbeck<\/p><ul><li>2006\u20132007<\/li><\/ul><p>Aufenthaltsstipendium f\u00fcr Berlin von der Landesvertretung des Saarlandes beim Bund<\/p><ul><li>2007<\/li><\/ul><p>F\u00f6rderpreis der Stadt Saarbr\u00fccken<\/p><ul><li>Stipendium K\u00fcnstlerdorf Sch\u00f6ppingen<\/li><li>Bilaterale K\u00fcnstlerresidenz Artmix, Luxembourg &#8211; Saarbr\u00fccken<\/li><li>2008<\/li><\/ul><p>Stipendium K\u00fcnstlerhaus Lukas Ahrenshoop<\/p><ul><li>2012<\/li><\/ul><p>Kavalierhausstipendium Langenargen am Bodensee<\/p><ul><li>2014<\/li><\/ul><p>Stipendium Schloss Bourglinster, Minist\u00e9re de la Culture, Luxemburg\/LU<\/p><ul><li>2015<\/li><\/ul><p>Stipendium Schloss Wiepersdorf, Brandenburg<\/p><ul><li>2016<\/li><\/ul><p>Stipendium RAVI (R\u00e9sidences Ateliers Vivegnis International), L\u00fcttich\/BE<\/p><ul><li>2017<\/li><\/ul><p>Nominierung f\u00fcr Gabriele M\u00fcnter Preis, Berlin<\/p><p><u>Einzelausstellungen<\/u><\/p><ul><li>2002<\/li><\/ul><p>&#8222;Malerei der Unrede Gewandtheit&#8220;, Kulturfoyer, Saarbr\u00fccken<\/p><ul><li>2003<\/li><\/ul><p>&#8222;136 Pr\u00e4gungen&#8220;, Kulturfoyer, Saarbr\u00fccken<\/p><ul><li>2004<\/li><\/ul><p>&#8222;4&#215;13&#8220;, St\u00e4dtische Galerie, Luxemburg\/LU<\/p><ul><li>2005<\/li><\/ul><p>&#8222;Biografische Berge&#8220;, Orangie, Blieskastel<\/p><ul><li>2006<\/li><\/ul><p>&#8222;Mikado&#8220;, Kulturfoyer, Saarbr\u00fccken<\/p><ul><li>2008<\/li><\/ul><p>\u201eVon Bergen, Menschen, Landschaften, Kreisen und Bauwerken\u201c, Saarl\u00e4ndische Galerie am Festungsgraben \u2013 Europ\u00e4isches Kulturforum e. V., Berlin; Galerie Julia Philippi, Heidelberg<\/p><ul><li>2009<\/li><\/ul><p>\u201eIm Hinterland der Idylle\u201c, Landesbank Saar (SaarLB), Saarbr\u00fccken<\/p><ul><li>2010<\/li><\/ul><p>\u201eBasislager\u201c, Stadtgalerie Saarbr\u00fccken<\/p><ul><li>2011<\/li><\/ul><p>\u201eIm Hinterland der Idylle\u201c, Galerie Koenitz, Leipzig<\/p><ul><li>2012<\/li><\/ul><p>\u201eseest\u00fcck\u201c, Malerei, Fotografie, Installation, Kavalierhaus, Langenargen<\/p><ul><li>\u201etransit\u201c, Schloss Dagstuhl, Leibniz Zentrum f\u00fcr Informatik, Wadern<\/li><li>2013<\/li><\/ul><p>\u201eSchattenrasen\u201c, Malerei und Installation, Neuer Kunstverein, Trier<\/p><ul><li>\u201eombres galopantes\u201c, Galerie de la M\u00e9diath\u00e8que, Forbach\/FR<\/li><li>&#8222;Schlafende Z\u00f6llner&#8220;, Teil II (mit Ulrich Behr), ehem. niederl\u00e4ndisches Grenzhaus Glanerburg, Grenz\u00fcbergang Gronau-Eschede\/NL<\/li><li>2016<\/li><\/ul><p>&#8222;Halbe Wahrheit&#8220;, Sequenz 16\/01, Saarl\u00e4ndischer Rundfunk, Funkhaus Halberg, Saarbr\u00fccken (K)<\/p><ul><li>&#8222;sanft und schroff \u2013 Landschaften! Landschaften?&#8220; (mit Susanne Maurer), Pumpwerk, Siegburg<\/li><li>2017<\/li><\/ul><p>\u201eUnbest\u00e4ndiger Ausblick\u201c, St\u00e4dtische Galerie, Neunkirchen (K)<\/p><ul><li>2021<\/li><\/ul><p>&#8222;Gebinde&#8220;, Kulturverein Burbach e. V., Saarbr\u00fccken<\/p><ul><li>2022<\/li><\/ul><p>&#8222;Verschlungene Fabrikation&#8220;, Kunstverein Bellevue-Saal, Wiesbaden (K)<\/p><ul><li>&#8222;Zierde&#8220;, Kunstraum in der Au, M\u00fcnchen<\/li><li>2023<\/li><\/ul><p>&#8222;Finisterre&#8220;, Galerie der K\u00fcnstlervereinigung Dachau e. V., Dachau<\/p><ul><li>&#8222;Schlafende Z\u00f6llner&#8220; (mit Ulrich Behr), Historisches Rathaus, Kleinblittersdorf<\/li><li>2024<\/li><\/ul><p>&#8222;Nature Morte&#8220;, Museum St. Wendel<\/p><ul><li>&#8222;Im Hinterland der Idylle&#8220;, Galerie Julia Philippi, Heidelberg<\/li><\/ul><p><u>Ausstellungsbeteiligungen<\/u><\/p><ul><li>1985<\/li><\/ul><p>&#8222;Kunst im Comeniushaus&#8220;, Comeniushaus, Saarbr\u00fccken<\/p><ul><li>1993<\/li><\/ul><p>&#8222;Innenraum \u2013 Au\u00dfenraum&#8220;, Galerie im Zwinger, St. Wendel<\/p><ul><li>1994<\/li><\/ul><p>Kleine Galerie auf dem H\u00fcgel, Bliesmengen-Bolchen<\/p><ul><li>1995<\/li><\/ul><p>Kleine Galerie auf dem H\u00fcgel, Bliesmengen-Bolchen<\/p><ul><li>1997<\/li><\/ul><p>&#8222;Kopfbild &#8211; Brustbild \u2013 Kniest\u00fcck&#8220;, Saarl\u00e4ndisches K\u00fcnstlerhaus, Saarbr\u00fccken<\/p><ul><li>&#8222;Umwandlung &#8211; Fotografie, Malerei&#8220;, Landtag des Saarlandes, Saarbr\u00fccken<\/li><li>&#8222;Kunstszene Saar&#8220;, Landeskunstausstellung, Museum Sankt Ingbert<\/li><li>1998<\/li><\/ul><p>&#8222;Geheimnis Landleben&#8220;, O.T. Produzentengalerie, Saarbr\u00fccken (K)<\/p><ul><li>&#8222;Kunstman\u00f6ver&#8220;, Schlossbergh\u00f6hlen, Homburg&#8220;Kunstman\u00f6ver&#8220;, Schlossbergh\u00f6hlen, Homburgjh<\/li><li>2000<\/li><\/ul><p>Gruppenausstellung im Kunstverein Epinal\/Frankreich<\/p><ul><li>&#8222;Brise Glace&#8220;, Grenoble\/FR<\/li><li>2001<\/li><\/ul><p>Center for curatorial, Bard College, New York\/USA<\/p><ul><li>2002<\/li><\/ul><p>Landesklinik, M\u00fcnsterlingen\/CH<\/p><ul><li>&#8222;Konradstrasse&#8220;, M\u00fcnchen<\/li><li>Kleine Galerie auf dem H\u00fcgel, Bliesmengen-Bolchen<\/li><li>2003<\/li><\/ul><p>&#8222;Frauen im Orient \u2013 Frauen im Okzident&#8220;, GEDOCK Karlsruhe, Prinz Max Palais, Karlsruhe; Kommunale Galerie Wilmersdorf, Berlin; Frauenmuseum Bonn; Nationaltheater Bukarest\/RO; Goethegalerie, Kairo\/EG (K)<\/p><ul><li>&#8222;K\u00fcnstler zeigen K\u00fcnstler&#8220;, Saarl\u00e4ndisches K\u00fcnstlerhaus, Saarbr\u00fccken (K)<\/li><li>2004<\/li><\/ul><p>&#8222;Nord Art 04 \u2013 Kunst in der Carlsh\u00fctte&#8220;, B\u00fcdelsdorf<\/p><ul><li>&#8222;postalisch&#8220;, Internationales Kunstprojekt, Galerie Wengihof, Z\u00fcrich; Cubus Kunsthalle, Duisburg; Saarl\u00e4ndisches K\u00fcnstlerhaus Saarbr\u00fccken e.V., Saarbr\u00fccken; Forum Vebikus, Schaffhausen\/CH; Kulturverband Favoriten, Wien\/AU (K)<\/li><li>&#8222;Kunstszene Saar 2004 \u2013 Im Augenblick&#8220;, Landeskunstausstellung, Saarlandmuseum Saarbr\u00fccken (K)<\/li><li>&#8222;Frauen im Orient \u2013 Frauen im Okzident&#8220;, Nationaltheater, Bukarest\/RO; Deutsches Kulturzentrum, Temeswar\/RO; Goetheinstitut, Rabat\/MA; Foundation Orient-Okzident, Tanger\/MA; Museum f\u00fcr zeitgen\u00f6sische Kunst (K)<\/li><li>2005<\/li><\/ul><p>&#8222;Nord Art 05 \u2013 Kunst in der Carlsh\u00fctte&#8220;, B\u00fcdelsdorf<\/p><ul><li>&#8222;Frauen im Orient \u2013 Frauen im Okzident&#8220;, Goetheinstitut, Casablanca\/MA (K)<\/li><li>&#8222;Kunst auf Halde&#8220;, BBK Saarland, Landartausstellung, Halde Duhamel, Ensdorf (K)<\/li><li>2006<\/li><\/ul><p>&#8222;Nord Art 06 \u2013 Kunst in der Carlsh\u00fctte&#8220;, B\u00fcdelsdorf<\/p><ul><li>Sickingen Kunstpreis, Kaiserslautern<\/li><li>\u201eThe Observer Status\u201c, Garbatyfabrik, Berlin<\/li><li>&#8222;Frauen im Orient \u2013 Frauen im Okzident&#8220;, DAAD und Goethegalerie, Kairo\/EG (K)<\/li><li>&#8222;Edition 2006&#8220;, Saarl\u00e4ndischer K\u00fcnstlerbund, Saarl\u00e4ndisches K\u00fcnstlerhaus, Saarbr\u00fccken (K)<\/li><li>2007<\/li><\/ul><p>\u201eZeitsprung\u201c, Saart\u00e4ndischer K\u00fcnstlerbund, Stadtgalerie Saarbr\u00fccken<\/p><ul><li>&#8222;hArt an der grenze \/ art sur la fronti\u00e8re&#8220;, interregionales Projekt im Rahmen von Luxemburg und Gro\u00dfregion, Kulturhauptstadt Europas 2007, Gro\u00dfblittersdorf\/FR (K)<\/li><li>&#8222;Frauen im Orient \u2013 Frauen im Okzident&#8220;, Galerie Alpe Adria, Klagenfurt\/AU (K)<\/li><li>2008<\/li><\/ul><p>\u201eStofferz\u00e4hlungen \u2013 Erz\u00e4hlstoff\u201c, Workshop, Hannover<\/p><ul><li>&#8222;artmix 3&#8220;, Deutsch-Luxemburgischer K\u00fcnstler*innenaustausch, Konschthaus beim Engel, Luxemburg\/LU<\/li><li>\u201eDein Land macht Kunst\u201c, Landeskunstausstellung, Stadtgalerie, Saarbr\u00fccken (K)<\/li><li>\u201eDas sechste Element\u201c, Aspekte Galerie im Gasteig, M\u00fcnchen<\/li><li>\u201econ stella\u201c, Landtag Rheinland-Pfalz, Mainz<\/li><li>&#8222;Edition 2008&#8220;, Saarl\u00e4ndischer K\u00fcnstlerbund, Saarl\u00e4ndisches K\u00fcnstlerhaus, Saarbr\u00fccken<\/li><li>&#8222;Herbstsalon 2008&#8220;, KuBa \u2013 Kulturzentrum am EuroBahnhof, Saarbru\u0308cken<\/li><li>2009<\/li><\/ul><p>\u201esubjektiv-objektiv\u201c, K\u00fcnstlerforum, Bonn<\/p><ul><li>\u201eReferenzen\u201c, Saarl\u00e4ndischer K\u00fcnstlerbund, Stadtgalerie Saarbr\u00fccken (K)<\/li><li>&#8222;Herbstsalon 2009&#8220;, KuBa \u2013 Kulturzentrum am EuroBahnhof, Saarbru\u0308cken<\/li><li>2010<\/li><\/ul><p>\u201eHinterhalt-Quellenreich\u201c, K\u00fcnstlerforum Bonn (K)<\/p><ul><li>\u201eSch\u00f6n ist was anderes\u201c, K\u00fcnstlerforum, Bonn<\/li><li>&#8222;Nebenwege&#8220;, St\u00e4dtische Galerie, Neunkirchen (K)<\/li><li>&#8222;Herbstsalon 2010&#8220;, KuBa \u2013 Kulturzentrum am EuroBahnhof, Saarbru\u0308cken<\/li><li>2011<\/li><\/ul><p>\u201ebasislager 2\u201c, Schloss Burglinster, Luxemburg\/LU<\/p><ul><li>&#8222;Herbstsalon 2011&#8220;, KuBa \u2013 Kulturzentrum am EuroBahnhof, Saarbru\u0308cken<\/li><li>2012<\/li><\/ul><p>&#8222;Niepojmowalne \/ The Unknown&#8220;, 3. Mediations Biennale, National Museum, Posen\/PL<\/p><ul><li>\u201eAccrochage #1\u201c, Galerie ohne feste Bleibe, Saarbr\u00fccken<\/li><li>\u201esch\u00f6n ist was anderes\u201c, KuBa &#8211; Kulturzentrum am EuroBahnhof, Saarbr\u00fccken<\/li><li>&#8222;Ein Fest&#8220;, Saarl\u00e4ndischer K\u00fcnstlerbund, Saarl\u00e4ndisches K\u00fcnstlerhaus, Saarbr\u00fccken (K)<\/li><li>&#8222;Herbstsalon 2012&#8220;, KuBa \u2013 Kulturzentrum am EuroBahnhof, Saarbru\u0308cken<\/li><li>2013<\/li><\/ul><p>\u201eCh\u00e2teau Sauvage\u201c, Saarl\u00e4ndischer K\u00fcnstlerbund und franz\u00f6sische Freunde, Schloss Fellenberg, Merzig<\/p><ul><li>&#8222;SaarART 2013&#8220;, Landeskunstausstellung, Mia-M\u00fcnster-Haus, Museum St.Wendel (K)<\/li><li>&#8222;Schlafende Z\u00f6llner&#8220; (mit Ulrich Behr), Installation am Grenz\u00fcbergang Glanerbrugg-Enschede\/NL im Rahmen von &#8222;GrensWerte 2013\/14&#8220;, grenz\u00fcberschreitende Kunstprojekte in der EUREGIO<\/li><li>&#8222;Herbstsalon 2013&#8220;, KuBa \u2013 Kulturzentrum am EuroBahnhof, Saarbru\u0308cken<\/li><li>2014<\/li><\/ul><p>\u201eCh\u00e2teau Sauvage\u201c, Saarl\u00e4ndische Galerie am Festungsgraben \u2013 Europ\u00e4isches Kunstforum, Berlin<\/p><ul><li>&#8222;Auf den Hund gekommen&#8220;, Tufa Trier<\/li><li>&#8222;Sch\u00f6ner Wohnen \u2013 Architektur in der Kunst&#8220;, Kunstverein im Alten Schloss, Dillingen<\/li><li>&#8222;Herbstsalon 2014&#8220;, KuBa \u2013 Kulturzentrum am EuroBahnhof, Saarbru\u0308cken<\/li><li>2015<\/li><\/ul><p>&#8222;Quersumme&#8220;, Mannheimer Kunstverein, Mannheim<\/p><ul><li>&#8222;Heldenmythen \u2013 Heldentaten \u2013 Heldentod&#8220;, Saarl\u00e4ndisches K\u00fcnstlerhaus, Saarbr\u00fccken (K)<\/li><li>&#8222;#glaubeliebehoffnung&#8220;, Spuren der Transzendenz in der regionalen Gegenwartskunst, KuBa \u2013 Kulturzentrum am EuroBahnhof, Saarbru\u0308cken<\/li><li>\u201eSpiele der Modifikation\u201c, Mia-M\u00fcnster-Haus, Museum St.Wendel; Saarl\u00e4ndische Galerie am Festungsgraben \u2013 Europ\u00e4isches Kunstforum, Berlin (K)<\/li><li>&#8222;Herbstsalon 2015&#8220;, KuBa \u2013 Kulturzentrum am EuroBahnhof, Saarbru\u0308cken<\/li><li>\u201eOpen Spaces\u201c, Landschaften, St\u00e4dtische Galerie, Neunkirchen<\/li><li>2016<\/li><\/ul><p>&#8222;TRANS\/POSITION Saarbr\u00fccken \u2013 Freiburg&#8220;, Das Saarl\u00e4ndische K\u00fcnstlerhaus im E-WERK Freiburg<\/p><ul><li>&#8222;Ouverture des Ateliers RAVI&#8220;, R\u00e9sidences Ateliers Vivegnis International&#8220;: Mane Hellenthal, Sofie van der Linden, Jade Tang, RAVI, L\u00fcttich\/BE<\/li><li>&#8222;Herbstsalon 2016&#8220;, KuBa \u2013 Kulturzentrum am EuroBahnhof, Saarbru\u0308cken<\/li><li>&#8222;1. Walter Bernstein Kunstpreis f\u00fcr Malerei&#8220;, Zechenhaus Reden, Schiffweiler (K)<\/li><li>2017<\/li><\/ul><p>\u201eSaarART11\u201c, Landeskunstausstellung, St\u00e4dtische Galerie, Neunkirchen (K)<\/p><ul><li>&#8222;Gabriele M\u00fcnter-Preis 2017&#8220;, 7. Vergabe, Akademie der K\u00fcnste, Berlin; Frauenmuseum Bonn (K)<\/li><li>&#8222;Herbstsalon 2017&#8220;, KuBa \u2013 Kulturzentrum am EuroBahnhof, Saarbru\u0308cken<\/li><li>2018<\/li><\/ul><p>&#8222;Herbstsalon 2018&#8220;, KuBa \u2013 Kulturzentrum am EuroBahnhof, Saarbru\u0308cken<\/p><ul><li>2019<\/li><\/ul><p>&#8222;Wo bitte geht&#8217;s nach Arkadien?&#8220;, Internationale Kunstausstellung \/ Jahresausstellung 2019, Kunstverein Ebersberg, Galerie Alte Brennerei, Ebersberg (K)<\/p><ul><li>&#8222;Blow&#8220;, Kunst-Mentoring R6: Hello \u2013 Goodbye \u2013 Hello, Gutenberg-Museum, Mainz<\/li><li>&#8222;Herbstsalon 2019&#8220;, KuBa \u2013 Kulturzentrum am EuroBahnhof, Saarbru\u0308cken<\/li><li>2020<\/li><\/ul><p>&#8222;Letzte Lockerung&#8220;, Saarl\u00e4ndisches K\u00fcnstlerhaus, Saarbr\u00fccken (K)<\/p><ul><li>&#8222;Inspiration Montfort&#8220;, K\u00fcnstlerische Interpretation eines Bodensee-Schlosses, Kunstpark am See, Langenargen<\/li><li>&#8222;Was Menschen ber\u00fchrt&#8220;, Paul-Klinger-K\u00fcnstlersozialwerk e V., Bayerisches Staatsministerium f\u00fcr Familie, Arbeit und Soziales, M\u00fcnchen<\/li><li>2021<\/li><\/ul><p>&#8222;Sommerausstellung 2021&#8220;, Museum St. Wendel (K)<\/p><ul><li>2022<\/li><\/ul><p>&#8222;Herbstsalon 2022&#8220;, KuBa \u2013 Kulturzentrum am EuroBahnhof, Saarbru\u0308cken<\/p><ul><li>2023<\/li><\/ul><p>&#8222;Jamboree&#8220;, Mitgliederausstellung, Saarl\u00e4ndisches K\u00fcnstlerhaus, Saarbr\u00fccken (K)<\/p><ul><li>&#8222;Raumpr\u00e4senz&#8220;, Mane Hellenthal, Nina Laaf, Elke Pfaffmann, Kunstverein Germersheim e. V., Germersheim<\/li><li>&#8222;Herbstsalon 2023&#8220;, KuBa \u2013 Kulturzentrum am EuroBahnhof, Saarbru\u0308cken<\/li><li>2024<\/li><\/ul><p>&#8222;Herbstsalon 2024&#8220;, KuBa \u2013 Kulturzentrum am EuroBahnhof, Saarbru\u0308cken<\/p><ul><li>2025<\/li><\/ul><p>&#8222;A vendre&#8220;, Haus Hellenthal, Mandelbachtal-Heckendalheim<\/p><ul><li>&#8222;Klima XL&#8220;, Teil 2, Saarl\u00e4ndisches K\u00fcnstlerhaus, Saarbr\u00fccken<\/li><\/ul><p><u>Projekte<\/u><\/p><ul><li>1992<\/li><\/ul><p>Projekt &#8222;Zeichen auf dem Weg&#8220;, Reinheim\/Bliesbr\u00fccken<\/p><ul><li>2004<\/li><\/ul><p>&#8222;postalisch&#8220; internationales Kunstprojekt, Galerie Wengihof, Z\u00fcrich\/CH; Cubus Kunsthalle, Duisburg; Saarl\u00e4ndisches K\u00fcnstlerhaus Saarbr\u00fccken e.V., Saarbr\u00fccken; Forum Vebikus, Schaffhausen\/CH; Kulturverband Favoriten, Wien\/AU<\/p><ul><li>2005<\/li><\/ul><p>Projekt &#8222;Kunst auf der Halde&#8220;, Halde Ensdorf (K)<\/p><p><u>Performances<\/u><\/p><ul><li>1996<\/li><\/ul><p>&#8222;Murmeln und b\u00f6se Nachbarn&#8220;, Performance an der Hochschule f\u00fcr K\u00fcnste (HfK), Bremen<\/p><p><u>Werke in Sammlungen<\/u><\/p><ul><li>Saarbr\u00fccken, Justizvollzugsanstalt Lerchesflur<\/li><li>Saarbr\u00fccken, Kassen\u00e4rtzliche Vereinigung<\/li><li>Saarbr\u00fccken, Landeshauptstadt Saarbr\u00fccken<\/li><li>Saarbr\u00fccken, Landesbank Saar (SaarLB)<\/li><li>Saarbr\u00fccken, Ministerium f\u00fcr Bildung und Kultur<\/li><li>Saarbr\u00fccken, Saarland-Sporttoto GmbH<\/li><li>Saarbr\u00fccken, Sparkasse Saarbr\u00fccken<\/li><li>Saarbr\u00fccken, Universit\u00e4t des Saarlandes<\/li><li>Sch\u00f6ppingen, Stadt Sch\u00f6ppingen<\/li><\/ul><p><u>Werke im \u00f6ffentlichen Raum<\/u><\/p><ul><li>Justizvollzugsanstalt Lerchesflur, Saarbr\u00fccken<\/li><\/ul>\t\t\t\t\t\t\t\t<\/div>\n\t\t\t\t<\/div>\n\t\t\t\t\t<\/div>\n\t\t<\/div>\n\t\t\t\t\t<\/div>\n\t\t<\/section>\n\t\t\t\t<section class=\"elementor-section elementor-top-section elementor-element elementor-element-6bdeb4d elementor-section-boxed elementor-section-height-default elementor-section-height-default\" data-id=\"6bdeb4d\" data-element_type=\"section\" data-e-type=\"section\">\n\t\t\t\t\t\t<div class=\"elementor-container elementor-column-gap-default\">\n\t\t\t\t\t<div class=\"elementor-column elementor-col-100 elementor-top-column elementor-element elementor-element-395071a\" data-id=\"395071a\" data-element_type=\"column\" data-e-type=\"column\">\n\t\t\t<div class=\"elementor-widget-wrap elementor-element-populated\">\n\t\t\t\t\t\t<div class=\"elementor-element elementor-element-e053935 elementor-widget elementor-widget-spacer\" data-id=\"e053935\" data-element_type=\"widget\" data-e-type=\"widget\" data-widget_type=\"spacer.default\">\n\t\t\t\t<div class=\"elementor-widget-container\">\n\t\t\t\t\t\t\t<div class=\"elementor-spacer\">\n\t\t\t<div class=\"elementor-spacer-inner\"><\/div>\n\t\t<\/div>\n\t\t\t\t\t\t<\/div>\n\t\t\t\t<\/div>\n\t\t\t\t\t<\/div>\n\t\t<\/div>\n\t\t\t\t\t<\/div>\n\t\t<\/section>\n\t\t\t\t<section class=\"elementor-section elementor-top-section elementor-element elementor-element-40dea92 elementor-section-boxed elementor-section-height-default elementor-section-height-default\" data-id=\"40dea92\" data-element_type=\"section\" data-e-type=\"section\">\n\t\t\t\t\t\t<div class=\"elementor-container elementor-column-gap-default\">\n\t\t\t\t\t<div class=\"elementor-column elementor-col-100 elementor-top-column elementor-element elementor-element-a61fd5a\" data-id=\"a61fd5a\" data-element_type=\"column\" data-e-type=\"column\">\n\t\t\t<div class=\"elementor-widget-wrap elementor-element-populated\">\n\t\t\t\t\t\t<div class=\"elementor-element elementor-element-ad13ad6 elementor-widget-divider--view-line elementor-widget elementor-widget-divider\" data-id=\"ad13ad6\" data-element_type=\"widget\" data-e-type=\"widget\" data-widget_type=\"divider.default\">\n\t\t\t\t<div class=\"elementor-widget-container\">\n\t\t\t\t\t\t\t<div class=\"elementor-divider\">\n\t\t\t<span class=\"elementor-divider-separator\">\n\t\t\t\t\t\t<\/span>\n\t\t<\/div>\n\t\t\t\t\t\t<\/div>\n\t\t\t\t<\/div>\n\t\t\t\t\t<\/div>\n\t\t<\/div>\n\t\t\t\t\t<\/div>\n\t\t<\/section>\n\t\t\t\t<\/div>","protected":false},"excerpt":{"rendered":"<p>MANE HELLENTHAL artworks biography &#8222;Meise \/Pferd,&#8220; \u00a8d \u00d6l\/Acryl auf Papier, 2013 0.T., Serie &#8222;Provinzielle Bauwerke&#8220;, 2015 &#8222;Baum 2,&#8220; 2017 &#8222;Schattenrasen II,&#8220; 2013 Malerei auf Wand und Leinwand, 7&#215;3,20 m Mane Hellenthal\u00a0 |\u00a0 biography Maleringeboren 1957 in Saarbr\u00fccken;lebt und arbeitet in Gersheim und Saarbr\u00fccken Vita 1977\u20131980 Goldschmiedeschule Pforzheim 1980\u20131984 Auslandsaufenthalte in Spanien, Argentinien und Frankreich 1984\u20131990 [&hellip;]<\/p>\n","protected":false},"author":2,"featured_media":0,"parent":0,"menu_order":0,"comment_status":"closed","ping_status":"closed","template":"","meta":{"footnotes":""},"class_list":["post-7167","page","type-page","status-publish","hentry"],"_links":{"self":[{"href":"https:\/\/gallery-puzic.com\/en\/wp-json\/wp\/v2\/pages\/7167","targetHints":{"allow":["GET"]}}],"collection":[{"href":"https:\/\/gallery-puzic.com\/en\/wp-json\/wp\/v2\/pages"}],"about":[{"href":"https:\/\/gallery-puzic.com\/en\/wp-json\/wp\/v2\/types\/page"}],"author":[{"embeddable":true,"href":"https:\/\/gallery-puzic.com\/en\/wp-json\/wp\/v2\/users\/2"}],"replies":[{"embeddable":true,"href":"https:\/\/gallery-puzic.com\/en\/wp-json\/wp\/v2\/comments?post=7167"}],"version-history":[{"count":31,"href":"https:\/\/gallery-puzic.com\/en\/wp-json\/wp\/v2\/pages\/7167\/revisions"}],"predecessor-version":[{"id":7208,"href":"https:\/\/gallery-puzic.com\/en\/wp-json\/wp\/v2\/pages\/7167\/revisions\/7208"}],"wp:attachment":[{"href":"https:\/\/gallery-puzic.com\/en\/wp-json\/wp\/v2\/media?parent=7167"}],"curies":[{"name":"wp","href":"https:\/\/api.w.org\/{rel}","templated":true}]}}