{"id":4132,"date":"2024-05-23T09:53:07","date_gmt":"2024-05-23T09:53:07","guid":{"rendered":"https:\/\/gallery-puzic.com\/?page_id=4132"},"modified":"2024-09-22T12:30:27","modified_gmt":"2024-09-22T12:30:27","slug":"mauel","status":"publish","type":"page","link":"https:\/\/gallery-puzic.com\/en\/mauel\/","title":{"rendered":"Mauel"},"content":{"rendered":"\t\t<div data-elementor-type=\"wp-page\" data-elementor-id=\"4132\" class=\"elementor elementor-4132\">\n\t\t\t\t\t\t<section class=\"elementor-section elementor-top-section elementor-element elementor-element-b46e43c elementor-section-boxed elementor-section-height-default elementor-section-height-default\" data-id=\"b46e43c\" data-element_type=\"section\" data-e-type=\"section\">\n\t\t\t\t\t\t<div class=\"elementor-container elementor-column-gap-default\">\n\t\t\t\t\t<div class=\"elementor-column elementor-col-100 elementor-top-column elementor-element elementor-element-6b597fc\" data-id=\"6b597fc\" data-element_type=\"column\" data-e-type=\"column\">\n\t\t\t<div class=\"elementor-widget-wrap elementor-element-populated\">\n\t\t\t\t\t\t<div class=\"elementor-element elementor-element-fca35a8 elementor-widget elementor-widget-text-editor\" data-id=\"fca35a8\" data-element_type=\"widget\" data-e-type=\"widget\" data-widget_type=\"text-editor.default\">\n\t\t\t\t<div class=\"elementor-widget-container\">\n\t\t\t\t\t\t\t\t\t<h2><strong>Breathing Colors<\/strong><\/h2><p><span style=\"font-size: 14pt; color: #000000; font-family: 'Times New Roman'; font-weight: bold; text-align: start;\"> <strong>Landschaftsgem\u00e4lde von Bettina Mauel<\/strong><\/span><\/p><p><img fetchpriority=\"high\" decoding=\"async\" src=\"https:\/\/gallery-puzic.com\/wp-content\/uploads\/2024\/08\/cover-landscape-shinrin-yoku-.jpg\" alt=\"\" width=\"640\" height=\"347\" \/><\/p><p><em>\u00a0 \u00a0 \u00a0 \u00a0 \u00a0 \u00a0 \u00a0 <i><span style=\"font-size: 10pt; font-family: Times;\">Shinrin Yoku XI, \u00d6l auf Leinen, 2019<\/span><\/i><\/em><\/p><p><em>Vernissage \u2013 Samstag 31. August, 18:00 \u2013 20:00 Uhr \/ <\/em><em>Johannisstrasse 3A, 66111 Saarbr\u00fccken <\/em><\/p><p><em>Anschliessend ein Rencontre mit KUNST F\u00dcR KUNST in der Pop-Up Gallery Mainzer Strasse 23<\/em><\/p><p>Gallery Puzi\u0107 l\u00e4dt Sie herzlich ein zu einer parallel gestalteten Vernissage, die in der Johanneskirche um 16:00 mit Bettina Mauels grossformatiger Installation \u00bbVerwandlung\u00ab im Rahmen der Ausstellungsreihe \u00bb<strong>Apokalypse<\/strong>\u00ab beginnt, und ab 18:oo in der Gallery Puzi\u0107 weitergef\u00fchrt wird mit einer Sonderausstellung verschiedener Landschaftsgem\u00e4lde der bekannten K\u00f6lner K\u00fcnstlerin.<\/p><p>In ihren Gem\u00e4lden erforscht Mauel die \u00bbJetztzeit\u00ab im Kontext globaler Geschehnisse. W\u00e4hrend in der Johanneskirche-Installation das Thema Verwandlung durch Katastrophen angesprochen wird, f\u00fchrt sie ihr vehementer, intuitiver Malprozess in den Landschaftsbildern auf unerwartete meditative Pfade, in gleichsam fantastische W\u00e4lder aus abstrakteren Farbformen des \u201eNat\u00fcrlichen.\u201c Die <em>Shinrin Yoku (Waldbaden)<\/em> Serie entfaltet sich insbesondere durch ein Eintauchen in ungew\u00f6hnlich intensive Farben \u2013 man sp\u00fcrt das Rauschen von Bl\u00e4ttern, und \u00c4ste, Zweige, B\u00e4ume, Wasser werden zu etwas unbestimmt impressionistisch Leuchtendem, zu einer Ahnung. So sind denn auch neue positive M\u00f6glichkeiten und Entwicklungen aufgezeigt, die der Katastrophe entgegenwirken. Mauel sieht das Potenzial f\u00fcr etwas Neues, noch Unbekanntes, das nicht klar erkennbar ist. Diese Prozesse hat sie in ihren Bildern verarbeitet. Kunst spielt f\u00fcr Mauel eine zentrale Rolle in der Zukunft<\/p><p>Bettina Mauel studierte an der D\u00fcsseldorfer Kunstakademie bei Gerhard Richter und war Meistersch\u00fclerin von Gotthard Graubner. In ihrer eigens f\u00fcr den Johannes-Kirchenraum entstandenen 20 Meter langen Installation thematisiert sie mit intensiver Farbigkeit, Dynamik und Sinnlichkeit die Bilder der Naturkatastrophen sowie Neues, das entstehen kann. Kraftvolle Pinselstriche stehen neben leichter Tuschemalerei und geraten in einen lebendigen, atmenden Dialog. Im Sinne der von der Kirche angeregten Auseinandersetzung mit dr\u00e4uenden Katastrophen sucht die K\u00fcnstlerin das Lebendige und Hoffnungsvolle in den pulsierenden Farblichtfluten ihrer Landschaften. Im Gegensatz dazu kann man vielleicht auch tr\u00e4umen, dass die Erde und die Kraft der Natur \u00fcberleben werden, wenn die totalisierende Techno- und Kriegskultur der Menschen sich selbst vernichtet und abgeschafft hat.\u00a0<\/p><p><img decoding=\"async\" src=\"https:\/\/gallery-puzic.com\/wp-content\/uploads\/2024\/08\/Gelbgruene-Floor-V-263x300.jpg\" alt=\"\" width=\"263\" height=\"300\" \/> \u00a0 \u00a0 \u00a0<img decoding=\"async\" src=\"https:\/\/gallery-puzic.com\/wp-content\/uploads\/2024\/08\/Versteckter-Tuempel-2-300x263.jpg\" alt=\"\" width=\"300\" height=\"263\" \/><\/p><p><i><span style=\"font-size: 10pt; font-family: Times;\"> \u00a0 <em>gelb-gr\u00fcne floor V, \u00d6l auf Leinen, 2022\u00a0 \u00a0 \u00a0 \u00a0 \u00a0versteckter t\u00fcmpel II, \u00d6l auf Leinen, 2022\u00a0 <\/em><\/span><\/i><\/p><p><em> <img loading=\"lazy\" decoding=\"async\" class=\"aligncenter wp-image-4837 size-full\" src=\"https:\/\/gallery-puzic.com\/wp-content\/uploads\/2024\/09\/10-Flussufer-2022.jpg\" alt=\"\" width=\"640\" height=\"260\" srcset=\"https:\/\/gallery-puzic.com\/wp-content\/uploads\/2024\/09\/10-Flussufer-2022.jpg 640w, https:\/\/gallery-puzic.com\/wp-content\/uploads\/2024\/09\/10-Flussufer-2022-300x122.jpg 300w, https:\/\/gallery-puzic.com\/wp-content\/uploads\/2024\/09\/10-Flussufer-2022-18x7.jpg 18w\" sizes=\"(max-width: 640px) 100vw, 640px\" \/> <i><span style=\"font-size: 10pt; font-family: Times;\">flussufer, \u00d6l auf Leinen, 2022<\/span><\/i><\/em><\/p><p><i><span style=\"font-size: 10pt; font-family: Times;\">Sie k\u00f6nnen die Werkliste mit den Preisen der Gem\u00e4lde herunterladen \/ You can download the worklist with the prices of the paintings<\/span><\/i><\/p><p style=\"margin: 0in 0in 0.0001pt; font-size: 12pt; font-family: 'Times New Roman'; color: #000000; text-align: start;\"><i><span style=\"font-size: 10pt; font-family: Times;\">\u00a0 \u00a0 \u00a0 \u00a0 \u00a0 \u00a0 \u00a0 \u00a0 \u00a0 \u00a0 <em>\u00a0 \u00a0<\/em><\/span><\/i><\/p><p style=\"margin: 0in 0in 0.0001pt; font-size: 12pt; font-family: 'Times New Roman'; color: #000000; text-align: start;\"><i><span style=\"font-size: 10pt; font-family: Times;\">\u00a0 \u00a0 \u00a0 \u00a0 \u00a0 \u00a0 \u00a0 \u00a0 \u00a0 \u00a0 \u00a0 \u00a0 \u00a0 \u00a0 \u00a0 \u00a0 \u00a0 \u00a0 \u00a0 \u00a0 \u00a0 \u00a0 \u00a0 \u00a0 \u00a0 \u00a0 \u00a0 \u00a0 \u00a0 \u00a0 \u00a0 \u00a0 <\/span><\/i><\/p><p><i><span style=\"font-size: 10pt; font-family: Times;\"><img loading=\"lazy\" decoding=\"async\" class=\"alignleft wp-image-4826\" src=\"https:\/\/gallery-puzic.com\/wp-content\/uploads\/2024\/09\/Mauel-Vernissage-282x300.jpg\" alt=\"\" width=\"355\" height=\"377\" srcset=\"https:\/\/gallery-puzic.com\/wp-content\/uploads\/2024\/09\/Mauel-Vernissage-282x300.jpg 282w, https:\/\/gallery-puzic.com\/wp-content\/uploads\/2024\/09\/Mauel-Vernissage-964x1024.jpg 964w, https:\/\/gallery-puzic.com\/wp-content\/uploads\/2024\/09\/Mauel-Vernissage-768x816.jpg 768w, https:\/\/gallery-puzic.com\/wp-content\/uploads\/2024\/09\/Mauel-Vernissage-1446x1536.jpg 1446w, https:\/\/gallery-puzic.com\/wp-content\/uploads\/2024\/09\/Mauel-Vernissage-11x12.jpg 11w, https:\/\/gallery-puzic.com\/wp-content\/uploads\/2024\/09\/Mauel-Vernissage.jpg 1928w\" sizes=\"(max-width: 355px) 100vw, 355px\" \/><img loading=\"lazy\" decoding=\"async\" class=\"alignright wp-image-4912\" src=\"https:\/\/gallery-puzic.com\/wp-content\/uploads\/2024\/09\/apocalypse-300x225.jpg\" alt=\"\" width=\"473\" height=\"355\" srcset=\"https:\/\/gallery-puzic.com\/wp-content\/uploads\/2024\/09\/apocalypse-300x225.jpg 300w, https:\/\/gallery-puzic.com\/wp-content\/uploads\/2024\/09\/apocalypse-1024x768.jpg 1024w, https:\/\/gallery-puzic.com\/wp-content\/uploads\/2024\/09\/apocalypse-768x576.jpg 768w, https:\/\/gallery-puzic.com\/wp-content\/uploads\/2024\/09\/apocalypse-1536x1152.jpg 1536w, https:\/\/gallery-puzic.com\/wp-content\/uploads\/2024\/09\/apocalypse-2048x1536.jpg 2048w, https:\/\/gallery-puzic.com\/wp-content\/uploads\/2024\/09\/apocalypse-16x12.jpg 16w\" sizes=\"(max-width: 473px) 100vw, 473px\" \/>\u00a0 opening of the exhibitions, 31 August\u00a0 Gallery (left) and Johanneskirche (right)<\/span><\/i><\/p><p>[Werkliste: click <em>download<\/em> button below]<\/p><p>\u00a0<\/p><p>\u00a0<\/p>\t\t\t\t\t\t\t\t<\/div>\n\t\t\t\t<\/div>\n\t\t\t\t\t<\/div>\n\t\t<\/div>\n\t\t\t\t\t<\/div>\n\t\t<\/section>\n\t\t\t\t<section class=\"elementor-section elementor-top-section elementor-element elementor-element-c6266b0 elementor-section-boxed elementor-section-height-default elementor-section-height-default\" data-id=\"c6266b0\" data-element_type=\"section\" data-e-type=\"section\">\n\t\t\t\t\t\t<div class=\"elementor-container elementor-column-gap-default\">\n\t\t\t\t\t<div class=\"elementor-column elementor-col-100 elementor-top-column elementor-element elementor-element-b8a1b67\" data-id=\"b8a1b67\" data-element_type=\"column\" data-e-type=\"column\">\n\t\t\t<div class=\"elementor-widget-wrap elementor-element-populated\">\n\t\t\t\t\t\t<div class=\"elementor-element elementor-element-543c109 elementor-align-center elementor-widget elementor-widget-button\" data-id=\"543c109\" data-element_type=\"widget\" data-e-type=\"widget\" data-widget_type=\"button.default\">\n\t\t\t\t<div class=\"elementor-widget-container\">\n\t\t\t\t\t\t\t\t\t<div class=\"elementor-button-wrapper\">\n\t\t\t\t\t<a class=\"elementor-button elementor-button-link elementor-size-sm\" href=\"https:\/\/gallery-puzic.com\/wp-content\/uploads\/2024\/09\/Mauel-Werkliste.pdf\">\n\t\t\t\t\t\t<span class=\"elementor-button-content-wrapper\">\n\t\t\t\t\t\t\t\t\t<span class=\"elementor-button-text\">download<\/span>\n\t\t\t\t\t<\/span>\n\t\t\t\t\t<\/a>\n\t\t\t\t<\/div>\n\t\t\t\t\t\t\t\t<\/div>\n\t\t\t\t<\/div>\n\t\t\t\t\t<\/div>\n\t\t<\/div>\n\t\t\t\t\t<\/div>\n\t\t<\/section>\n\t\t\t\t<section class=\"elementor-section elementor-top-section elementor-element elementor-element-8898aa4 elementor-section-boxed elementor-section-height-default elementor-section-height-default\" data-id=\"8898aa4\" data-element_type=\"section\" data-e-type=\"section\">\n\t\t\t\t\t\t<div class=\"elementor-container elementor-column-gap-default\">\n\t\t\t\t\t<div class=\"elementor-column elementor-col-100 elementor-top-column elementor-element elementor-element-4b3fa31\" data-id=\"4b3fa31\" data-element_type=\"column\" data-e-type=\"column\">\n\t\t\t<div class=\"elementor-widget-wrap elementor-element-populated\">\n\t\t\t\t\t\t<div class=\"elementor-element elementor-element-98cba8c elementor-widget elementor-widget-text-editor\" data-id=\"98cba8c\" data-element_type=\"widget\" data-e-type=\"widget\" data-widget_type=\"text-editor.default\">\n\t\t\t\t<div class=\"elementor-widget-container\">\n\t\t\t\t\t\t\t\t\t<p><strong>Navigation einer Verteidigung gegen die Realit\u00e4t<\/strong><\/p><p><strong>\u00a0<\/strong><\/p><p><strong>\u00ab \u0160umonjak\u0161e und die Verlorenen \u00bb<\/strong><\/p><p>W\u00e4hrend der Sommerpause\u00a0 kann die Galerie besucht werden (jeden Donnerstag Nachmittag von 13:oo bis 18:oo oder nach Anmeldung) um eine ausgew\u00e4hlte Konstellation markanter Kunstwerke aus den\u00a0 letzten Ausstellungen zu betrachten und neue Provokationsfl\u00e4chen zu entdecken.\u00a0<\/p><p>Gallery Puzic\u0301 existiert jetzt\u00a0 genau 2 Jahre im Zentrum Saarbr\u00fcckens und hat mit den bisher gezeigten Ausstellungen renommierter internationaler sowie regional bekannter K\u00fcnstlerinnen und K\u00fcnstler ein eigenes Profil entwickelt, das einzigartig im Saarland sein d\u00fcrfte. Denn wie in der Philosophie der Galerie verankert. hat sich ein fulminanter Austausch von Ideen, visuellen Werken, Kunstperspektiven, Medien, Performance- und Filmabenden sowie Musik\/Klangkunst und\u00a0 Diskussionsforen entwickelt:\u00a0 dies ist unser Gesicht und unser Anspruch auf Experimentation mit den K\u00fcnsten der Gegenwart und ihren kulturellen Reibefl\u00e4chen \u2013\u00a0 und wir laden alle Menschen ein,\u00a0 zu uns zu kommen.\u00a0<\/p><p><img loading=\"lazy\" decoding=\"async\" class=\"aligncenter wp-image-4750 size-large\" src=\"https:\/\/gallery-puzic.com\/wp-content\/uploads\/2024\/08\/Entrance-space-1024x768.jpg\" alt=\"\" width=\"1024\" height=\"768\" srcset=\"https:\/\/gallery-puzic.com\/wp-content\/uploads\/2024\/08\/Entrance-space-1024x768.jpg 1024w, https:\/\/gallery-puzic.com\/wp-content\/uploads\/2024\/08\/Entrance-space-300x225.jpg 300w, https:\/\/gallery-puzic.com\/wp-content\/uploads\/2024\/08\/Entrance-space-768x576.jpg 768w, https:\/\/gallery-puzic.com\/wp-content\/uploads\/2024\/08\/Entrance-space-1536x1152.jpg 1536w, https:\/\/gallery-puzic.com\/wp-content\/uploads\/2024\/08\/Entrance-space-2048x1536.jpg 2048w, https:\/\/gallery-puzic.com\/wp-content\/uploads\/2024\/08\/Entrance-space-16x12.jpg 16w\" sizes=\"(max-width: 1024px) 100vw, 1024px\" \/><\/p><p><em>\u0160umonjak\u0161e, &#8222;Aqua alta&#8220;, 2018, and Jesse Magee, &#8222;Mutterboden\/Felder&#8220;, 2024 (foreground), installation view<\/em><\/p><p>I.<\/p><p><strong>\u201cAfter the Battle All Generals are Fucked\u201d<\/strong><\/p><p>Bojan \u0160umonja\u00a0\u00a0 (Kroatien) \/\u00a0\u00a0 Marko Jak\u0161e\u00a0\u00a0 (Slowenien)<\/p><p>Kurator: Esad Puzic\u0301<\/p><p>\u00a0II.<\/p><p><img loading=\"lazy\" decoding=\"async\" class=\"aligncenter wp-image-4883 size-large\" src=\"https:\/\/gallery-puzic.com\/wp-content\/uploads\/2024\/09\/Korsig-und-Kammer-1024x768.jpg\" alt=\"\" width=\"1024\" height=\"768\" srcset=\"https:\/\/gallery-puzic.com\/wp-content\/uploads\/2024\/09\/Korsig-und-Kammer-1024x768.jpg 1024w, https:\/\/gallery-puzic.com\/wp-content\/uploads\/2024\/09\/Korsig-und-Kammer-300x225.jpg 300w, https:\/\/gallery-puzic.com\/wp-content\/uploads\/2024\/09\/Korsig-und-Kammer-768x576.jpg 768w, https:\/\/gallery-puzic.com\/wp-content\/uploads\/2024\/09\/Korsig-und-Kammer-1536x1152.jpg 1536w, https:\/\/gallery-puzic.com\/wp-content\/uploads\/2024\/09\/Korsig-und-Kammer-2048x1536.jpg 2048w, https:\/\/gallery-puzic.com\/wp-content\/uploads\/2024\/09\/Korsig-und-Kammer-16x12.jpg 16w\" sizes=\"(max-width: 1024px) 100vw, 1024px\" \/><\/p><p><strong><em><i><span style=\"font-size: 10pt; font-family: Times;\">installation view, showing works by Bodo Korsig, Renate Krammer und Magdalena Grandmontagne<\/span><\/i><\/em>\u00a0 \u00a0<\/strong><\/p><p><strong> &#8218;Lost in Transition&#8216; <\/strong><\/p><p>Gastkurator : Bodo Korsig<\/p><p><a href=\"https:\/\/youtu.be\/q87ZXFioURY\">FILM TRAILER<\/a><\/p><p>*\u00a0\u00a0\u00a0\u00a0\u00a0\u00a0\u00a0\u00a0 * \u00a0 \u00a0 \u00a0 \u00a0 *\u00a0\u00a0\u00a0\u00a0\u00a0\u00a0 *\u00a0\u00a0\u00a0\u00a0\u00a0\u00a0 *<\/p><p>photos (c) Johannes Birringer &amp; Bettina Mauel<\/p>\t\t\t\t\t\t\t\t<\/div>\n\t\t\t\t<\/div>\n\t\t\t\t\t<\/div>\n\t\t<\/div>\n\t\t\t\t\t<\/div>\n\t\t<\/section>\n\t\t\t\t<\/div>\n\t\t","protected":false},"excerpt":{"rendered":"<p>Breathing Colors Landschaftsgem\u00e4lde von Bettina Mauel \u00a0 \u00a0 \u00a0 \u00a0 \u00a0 \u00a0 \u00a0 Shinrin Yoku XI, \u00d6l auf Leinen, 2019 Vernissage \u2013 Samstag 31. August, 18:00 \u2013 20:00 Uhr \/ Johannisstrasse 3A, 66111 Saarbr\u00fccken Anschliessend ein Rencontre mit KUNST F\u00dcR KUNST in der Pop-Up Gallery Mainzer Strasse 23 Gallery Puzi\u0107 l\u00e4dt Sie herzlich ein zu [&hellip;]<\/p>\n","protected":false},"author":2,"featured_media":0,"parent":0,"menu_order":0,"comment_status":"closed","ping_status":"closed","template":"","meta":{"footnotes":""},"class_list":["post-4132","page","type-page","status-publish","hentry"],"_links":{"self":[{"href":"https:\/\/gallery-puzic.com\/en\/wp-json\/wp\/v2\/pages\/4132","targetHints":{"allow":["GET"]}}],"collection":[{"href":"https:\/\/gallery-puzic.com\/en\/wp-json\/wp\/v2\/pages"}],"about":[{"href":"https:\/\/gallery-puzic.com\/en\/wp-json\/wp\/v2\/types\/page"}],"author":[{"embeddable":true,"href":"https:\/\/gallery-puzic.com\/en\/wp-json\/wp\/v2\/users\/2"}],"replies":[{"embeddable":true,"href":"https:\/\/gallery-puzic.com\/en\/wp-json\/wp\/v2\/comments?post=4132"}],"version-history":[{"count":13,"href":"https:\/\/gallery-puzic.com\/en\/wp-json\/wp\/v2\/pages\/4132\/revisions"}],"predecessor-version":[{"id":4937,"href":"https:\/\/gallery-puzic.com\/en\/wp-json\/wp\/v2\/pages\/4132\/revisions\/4937"}],"wp:attachment":[{"href":"https:\/\/gallery-puzic.com\/en\/wp-json\/wp\/v2\/media?parent=4132"}],"curies":[{"name":"wp","href":"https:\/\/api.w.org\/{rel}","templated":true}]}}